{"id":19807,"date":"2026-04-03T08:32:35","date_gmt":"2026-04-03T06:32:35","guid":{"rendered":"https:\/\/www.gabrielgorgi.com\/portrait-photographer-copenhagen\/"},"modified":"2026-04-03T08:32:35","modified_gmt":"2026-04-03T06:32:35","slug":"portrait-photographer-copenhagen","status":"publish","type":"page","link":"https:\/\/www.gabrielgorgi.com\/en\/portrait-photographer-copenhagen\/","title":{"rendered":"Portrait photographer Copenhagen"},"content":{"rendered":"<div class=\"wpb-content-wrapper\"><p>[vc_row css_animation=&#8221;&#8221; row_type=&#8221;row&#8221; use_row_as_full_screen_section=&#8221;no&#8221; type=&#8221;grid&#8221; angled_section=&#8221;no&#8221; text_align=&#8221;left&#8221; background_image_as_pattern=&#8221;without_pattern&#8221; z_index=&#8221;&#8221;][vc_column][vc_empty_space height=&#8221;40px&#8221;]<div class=\"qode-advanced-image-gallery  qode-aig-grid-type qode-tiny-space  qode-image-behavior-lightbox \">\n\t<div class=\"qode-aig-inner qode-outer-space qode-aig-grid qode-aig-three-columns\">\n\t\t\t\t\t<div class=\"qode-aig-image qode-item-space\">\n\t\t\t\t<div class=\"qode-aig-image-inner\">\n\t\t\t\t\t\t\t\t\t\t\t<a itemprop=\"image\" class=\"qode-aig-lightbox\" href=\"https:\/\/www.gabrielgorgi.com\/wp-content\/uploads\/2024\/07\/photographe-corporate-109.jpg\" data-rel=\"prettyPhoto[image_gallery_pretty_photo-950]\" title=\"Headshot-109\">\n\t\t\t\t\t\t\t\t\t\t\t<img decoding=\"async\" width=\"1388\" height=\"925\" src=\"https:\/\/www.gabrielgorgi.com\/wp-content\/uploads\/2024\/07\/photographe-corporate-109.jpg\" class=\"attachment-full size-full\" alt=\"Photographe corporate Paris - Portrait de dirigeant par Gabriel Gorgi\" \/>\t\t\t\t\t\t<span class=\"aig-gallery-hover\">\n\t\t\t\t\t\t\t\t\t\t\t\t\t\t\t<span class=\"icon-arrows-plus\"><\/span> \n\t\t\t\t\t\t\t\t\t\t\t\t\t<\/span>\n\t\t\t\t\t\t\t\t\t\t\t<\/a>\n\t\t\t\t\t\t\t\t\t<\/div>\n\t\t\t<\/div>\n\t\t\t\t\t\t\t\t<div class=\"qode-aig-image qode-item-space\">\n\t\t\t\t<div class=\"qode-aig-image-inner\">\n\t\t\t\t\t\t\t\t\t\t\t<a itemprop=\"image\" class=\"qode-aig-lightbox\" href=\"https:\/\/www.gabrielgorgi.com\/wp-content\/uploads\/2025\/05\/photographe-corporate-136.jpg\" data-rel=\"prettyPhoto[image_gallery_pretty_photo-950]\" title=\"Portrait-136\">\n\t\t\t\t\t\t\t\t\t\t\t<img decoding=\"async\" width=\"1388\" height=\"925\" src=\"https:\/\/www.gabrielgorgi.com\/wp-content\/uploads\/2025\/05\/photographe-corporate-136.jpg\" class=\"attachment-full size-full\" alt=\"Portrait professionnel d&#039;un homme d&#039;affaires en costume pour photographie corporate.\" \/>\t\t\t\t\t\t<span class=\"aig-gallery-hover\">\n\t\t\t\t\t\t\t\t\t\t\t\t\t\t\t<span class=\"icon-arrows-plus\"><\/span> \n\t\t\t\t\t\t\t\t\t\t\t\t\t<\/span>\n\t\t\t\t\t\t\t\t\t\t\t<\/a>\n\t\t\t\t\t\t\t\t\t<\/div>\n\t\t\t<\/div>\n\t\t\t\t\t\t\t\t<div class=\"qode-aig-image qode-item-space\">\n\t\t\t\t<div class=\"qode-aig-image-inner\">\n\t\t\t\t\t\t\t\t\t\t\t<a itemprop=\"image\" class=\"qode-aig-lightbox\" href=\"https:\/\/www.gabrielgorgi.com\/wp-content\/uploads\/2025\/05\/photographe-corporate-133.jpg\" data-rel=\"prettyPhoto[image_gallery_pretty_photo-950]\" title=\"Portrait-133\">\n\t\t\t\t\t\t\t\t\t\t\t<img decoding=\"async\" width=\"1388\" height=\"925\" src=\"https:\/\/www.gabrielgorgi.com\/wp-content\/uploads\/2025\/05\/photographe-corporate-133.jpg\" class=\"attachment-full size-full\" alt=\"Portrait LinkedIn professionnel - Coaching d&#039;expression Gabriel Gorgi\" \/>\t\t\t\t\t\t<span class=\"aig-gallery-hover\">\n\t\t\t\t\t\t\t\t\t\t\t\t\t\t\t<span class=\"icon-arrows-plus\"><\/span> \n\t\t\t\t\t\t\t\t\t\t\t\t\t<\/span>\n\t\t\t\t\t\t\t\t\t\t\t<\/a>\n\t\t\t\t\t\t\t\t\t<\/div>\n\t\t\t<\/div>\n\t\t\t\t\t\t\t\t<div class=\"qode-aig-image qode-item-space\">\n\t\t\t\t<div class=\"qode-aig-image-inner\">\n\t\t\t\t\t\t\t\t\t\t\t<a itemprop=\"image\" class=\"qode-aig-lightbox\" href=\"https:\/\/www.gabrielgorgi.com\/wp-content\/uploads\/2025\/01\/photographe-corporate-128_2.jpg\" data-rel=\"prettyPhoto[image_gallery_pretty_photo-950]\" title=\"Portrait-128_(2)\">\n\t\t\t\t\t\t\t\t\t\t\t<img decoding=\"async\" width=\"1388\" height=\"925\" src=\"https:\/\/www.gabrielgorgi.com\/wp-content\/uploads\/2025\/01\/photographe-corporate-128_2.jpg\" class=\"attachment-full size-full\" alt=\"Photographe portrait Paris - S\u00e9ance individuelle en studio\" \/>\t\t\t\t\t\t<span class=\"aig-gallery-hover\">\n\t\t\t\t\t\t\t\t\t\t\t\t\t\t\t<span class=\"icon-arrows-plus\"><\/span> \n\t\t\t\t\t\t\t\t\t\t\t\t\t<\/span>\n\t\t\t\t\t\t\t\t\t\t\t<\/a>\n\t\t\t\t\t\t\t\t\t<\/div>\n\t\t\t<\/div>\n\t\t\t\t\t\t\t\t<div class=\"qode-aig-image qode-item-space\">\n\t\t\t\t<div class=\"qode-aig-image-inner\">\n\t\t\t\t\t\t\t\t\t\t\t<a itemprop=\"image\" class=\"qode-aig-lightbox\" href=\"https:\/\/www.gabrielgorgi.com\/wp-content\/uploads\/2024\/07\/photographe-corporate-113.jpg\" data-rel=\"prettyPhoto[image_gallery_pretty_photo-950]\" title=\"Headshot-113\">\n\t\t\t\t\t\t\t\t\t\t\t<img decoding=\"async\" width=\"1388\" height=\"925\" src=\"https:\/\/www.gabrielgorgi.com\/wp-content\/uploads\/2024\/07\/photographe-corporate-113.jpg\" class=\"attachment-full size-full\" alt=\"Portraitiste professionnel Paris - Gabriel Gorgi\" \/>\t\t\t\t\t\t<span class=\"aig-gallery-hover\">\n\t\t\t\t\t\t\t\t\t\t\t\t\t\t\t<span class=\"icon-arrows-plus\"><\/span> \n\t\t\t\t\t\t\t\t\t\t\t\t\t<\/span>\n\t\t\t\t\t\t\t\t\t\t\t<\/a>\n\t\t\t\t\t\t\t\t\t<\/div>\n\t\t\t<\/div>\n\t\t\t\t\t\t\t\t<div class=\"qode-aig-image qode-item-space\">\n\t\t\t\t<div class=\"qode-aig-image-inner\">\n\t\t\t\t\t\t\t\t\t\t\t<a itemprop=\"image\" class=\"qode-aig-lightbox\" href=\"https:\/\/www.gabrielgorgi.com\/wp-content\/uploads\/2025\/07\/photographe-corporate-144.jpg\" data-rel=\"prettyPhoto[image_gallery_pretty_photo-950]\" title=\"Portrait-144\">\n\t\t\t\t\t\t\t\t\t\t\t<img decoding=\"async\" width=\"1388\" height=\"925\" src=\"https:\/\/www.gabrielgorgi.com\/wp-content\/uploads\/2025\/07\/photographe-corporate-144.jpg\" class=\"attachment-full size-full\" alt=\"Portrait haut de gamme \u00e0 Paris pour experts et cr\u00e9atifs\" \/>\t\t\t\t\t\t<span class=\"aig-gallery-hover\">\n\t\t\t\t\t\t\t\t\t\t\t\t\t\t\t<span class=\"icon-arrows-plus\"><\/span> \n\t\t\t\t\t\t\t\t\t\t\t\t\t<\/span>\n\t\t\t\t\t\t\t\t\t\t\t<\/a>\n\t\t\t\t\t\t\t\t\t<\/div>\n\t\t\t<\/div>\n\t\t\t\t\t\t<\/div>\n<\/div>[\/vc_column][\/vc_row][vc_row css_animation=&#8221;&#8221; row_type=&#8221;row&#8221; use_row_as_full_screen_section=&#8221;no&#8221; type=&#8221;grid&#8221; angled_section=&#8221;no&#8221; text_align=&#8221;left&#8221; background_image_as_pattern=&#8221;without_pattern&#8221; z_index=&#8221;&#8221;][vc_column][vc_empty_space height=&#8221;40px&#8221;][vc_column_text css=&#8221;&#8221; el_class=&#8221;homeleadtext&#8221;]<\/p>\n<h1 style=\"text-align: center;\">Portrait Photographer in Copenhagen: Capturing Character, Presence, and Legacy<\/h1>\n<p>[\/vc_column_text][vc_empty_space height=&#8221;40px&#8221;]<blockquote class=' with_quote_icon' style=''><i class='fa fa-quote-right' style=''><\/i><h5 class='blockquote-text' style=''>Beyond the standard profile picture lies a deeper story. Gabriel GORGI specializes in high-end portraiture that transcends the surface, capturing the authentic character and individual power of those who shape their own path. We create images that don't just show what you look like, but who you are.<\/h5><\/blockquote>[vc_empty_space height=&#8221;40px&#8221;][\/vc_column][\/vc_row][vc_row css_animation=&#8221;&#8221; row_type=&#8221;row&#8221; use_row_as_full_screen_section=&#8221;no&#8221; type=&#8221;grid&#8221; angled_section=&#8221;no&#8221; text_align=&#8221;center&#8221; background_image_as_pattern=&#8221;without_pattern&#8221; z_index=&#8221;&#8221;][vc_column width=&#8221;1\/2&#8243;]<a  itemprop=\"url\" href=\"https:\/\/www.gabrielgorgi.com\/contact\/?lang=en\" target=\"_self\"  class=\"qbutton  medium default\" style=\"\">Inquire About a Portrait<\/a>[vc_empty_space height=&#8221;2em&#8221;][\/vc_column][vc_column width=&#8221;1\/2&#8243;]<a  itemprop=\"url\" href=\"mailto:gabriel@gabrielgorgi.com\" target=\"_self\"  class=\"qbutton  medium default\" style=\"\">Send an Email<\/a>[vc_empty_space height=&#8221;2em&#8221;][\/vc_column][\/vc_row][vc_row css_animation=&#8221;&#8221; row_type=&#8221;row&#8221; use_row_as_full_screen_section=&#8221;no&#8221; type=&#8221;grid&#8221; angled_section=&#8221;no&#8221; text_align=&#8221;left&#8221; background_image_as_pattern=&#8221;without_pattern&#8221; z_index=&#8221;&#8221;][vc_column][vc_empty_space height=&#8221;60px&#8221;][\/vc_column][\/vc_row][vc_row css_animation=&#8221;&#8221; row_type=&#8221;row&#8221; use_row_as_full_screen_section=&#8221;no&#8221; type=&#8221;grid&#8221; angled_section=&#8221;no&#8221; text_align=&#8221;left&#8221; background_image_as_pattern=&#8221;without_pattern&#8221; z_index=&#8221;&#8221;][vc_column]<div class=\"qode-advanced-image-gallery  qode-aig-grid-type qode-tiny-space  qode-image-behavior-lightbox \">\n\t<div class=\"qode-aig-inner qode-outer-space qode-aig-grid qode-aig-three-columns\">\n\t\t\t\t\t<div class=\"qode-aig-image qode-item-space\">\n\t\t\t\t<div class=\"qode-aig-image-inner\">\n\t\t\t\t\t\t\t\t\t\t\t<a itemprop=\"image\" class=\"qode-aig-lightbox\" href=\"https:\/\/www.gabrielgorgi.com\/wp-content\/uploads\/2025\/07\/photographe-corporate-142.jpg\" data-rel=\"prettyPhoto[image_gallery_pretty_photo-24]\" title=\"Portrait-142\">\n\t\t\t\t\t\t\t\t\t\t\t<img decoding=\"async\" width=\"1388\" height=\"925\" src=\"https:\/\/www.gabrielgorgi.com\/wp-content\/uploads\/2025\/07\/photographe-corporate-142.jpg\" class=\"attachment-full size-full\" alt=\"Portrait de dirigeant r\u00e9alis\u00e9 en studio \u2013 Paris 75008 \u2013 Secteur Faubourg Saint-Honor\u00e9.\" \/>\t\t\t\t\t\t<span class=\"aig-gallery-hover\">\n\t\t\t\t\t\t\t\t\t\t\t\t\t\t\t<span class=\"icon-arrows-plus\"><\/span> \n\t\t\t\t\t\t\t\t\t\t\t\t\t<\/span>\n\t\t\t\t\t\t\t\t\t\t\t<\/a>\n\t\t\t\t\t\t\t\t\t<\/div>\n\t\t\t<\/div>\n\t\t\t\t\t\t\t\t<div class=\"qode-aig-image qode-item-space\">\n\t\t\t\t<div class=\"qode-aig-image-inner\">\n\t\t\t\t\t\t\t\t\t\t\t<a itemprop=\"image\" class=\"qode-aig-lightbox\" href=\"https:\/\/www.gabrielgorgi.com\/wp-content\/uploads\/2025\/07\/photographe-corporate-85-w.jpg\" data-rel=\"prettyPhoto[image_gallery_pretty_photo-24]\" title=\"Headshot-85-w\">\n\t\t\t\t\t\t\t\t\t\t\t<img decoding=\"async\" width=\"1255\" height=\"836\" src=\"https:\/\/www.gabrielgorgi.com\/wp-content\/uploads\/2025\/07\/photographe-corporate-85-w.jpg\" class=\"attachment-full size-full\" alt=\"Photographie de profil LinkedIn haut de gamme \u2013 Expert Headshot Paris Champs-\u00c9lys\u00e9es.\" srcset=\"https:\/\/www.gabrielgorgi.com\/wp-content\/uploads\/2025\/07\/photographe-corporate-85-w.jpg 1255w, https:\/\/www.gabrielgorgi.com\/wp-content\/uploads\/2025\/07\/photographe-corporate-85-w-300x200.jpg 300w, https:\/\/www.gabrielgorgi.com\/wp-content\/uploads\/2025\/07\/photographe-corporate-85-w-1024x682.jpg 1024w, https:\/\/www.gabrielgorgi.com\/wp-content\/uploads\/2025\/07\/photographe-corporate-85-w-768x512.jpg 768w, https:\/\/www.gabrielgorgi.com\/wp-content\/uploads\/2025\/07\/photographe-corporate-85-w-700x466.jpg 700w\" sizes=\"(max-width: 1255px) 100vw, 1255px\" \/>\t\t\t\t\t\t<span class=\"aig-gallery-hover\">\n\t\t\t\t\t\t\t\t\t\t\t\t\t\t\t<span class=\"icon-arrows-plus\"><\/span> \n\t\t\t\t\t\t\t\t\t\t\t\t\t<\/span>\n\t\t\t\t\t\t\t\t\t\t\t<\/a>\n\t\t\t\t\t\t\t\t\t<\/div>\n\t\t\t<\/div>\n\t\t\t\t\t\t\t\t<div class=\"qode-aig-image qode-item-space\">\n\t\t\t\t<div class=\"qode-aig-image-inner\">\n\t\t\t\t\t\t\t\t\t\t\t<a itemprop=\"image\" class=\"qode-aig-lightbox\" href=\"https:\/\/www.gabrielgorgi.com\/wp-content\/uploads\/2025\/07\/photographe-corporate-141.jpg\" data-rel=\"prettyPhoto[image_gallery_pretty_photo-24]\" title=\"Portrait-141\">\n\t\t\t\t\t\t\t\t\t\t\t<img decoding=\"async\" width=\"1388\" height=\"925\" src=\"https:\/\/www.gabrielgorgi.com\/wp-content\/uploads\/2025\/07\/photographe-corporate-141.jpg\" class=\"attachment-full size-full\" alt=\"Photographe pour cabinets d&#039;avocats \u2013 Proximit\u00e9 Cour d&#039;Appel et quartier Haussmann Paris.\" \/>\t\t\t\t\t\t<span class=\"aig-gallery-hover\">\n\t\t\t\t\t\t\t\t\t\t\t\t\t\t\t<span class=\"icon-arrows-plus\"><\/span> \n\t\t\t\t\t\t\t\t\t\t\t\t\t<\/span>\n\t\t\t\t\t\t\t\t\t\t\t<\/a>\n\t\t\t\t\t\t\t\t\t<\/div>\n\t\t\t<\/div>\n\t\t\t\t\t\t\t\t<div class=\"qode-aig-image qode-item-space\">\n\t\t\t\t<div class=\"qode-aig-image-inner\">\n\t\t\t\t\t\t\t\t\t\t\t<a itemprop=\"image\" class=\"qode-aig-lightbox\" href=\"https:\/\/www.gabrielgorgi.com\/wp-content\/uploads\/2025\/07\/photographe-corporate-138.jpg\" data-rel=\"prettyPhoto[image_gallery_pretty_photo-24]\" title=\"Portrait-138\">\n\t\t\t\t\t\t\t\t\t\t\t<img decoding=\"async\" width=\"1388\" height=\"925\" src=\"https:\/\/www.gabrielgorgi.com\/wp-content\/uploads\/2025\/07\/photographe-corporate-138.jpg\" class=\"attachment-full size-full\" alt=\"Photographe d&#039;entreprise Paris Centre \u2013 Acc\u00e8s rapide depuis Op\u00e9ra et Saint-Lazare.\" \/>\t\t\t\t\t\t<span class=\"aig-gallery-hover\">\n\t\t\t\t\t\t\t\t\t\t\t\t\t\t\t<span class=\"icon-arrows-plus\"><\/span> \n\t\t\t\t\t\t\t\t\t\t\t\t\t<\/span>\n\t\t\t\t\t\t\t\t\t\t\t<\/a>\n\t\t\t\t\t\t\t\t\t<\/div>\n\t\t\t<\/div>\n\t\t\t\t\t\t\t\t<div class=\"qode-aig-image qode-item-space\">\n\t\t\t\t<div class=\"qode-aig-image-inner\">\n\t\t\t\t\t\t\t\t\t\t\t<a itemprop=\"image\" class=\"qode-aig-lightbox\" href=\"https:\/\/www.gabrielgorgi.com\/wp-content\/uploads\/2025\/07\/photographe-corporate-123.jpg\" data-rel=\"prettyPhoto[image_gallery_pretty_photo-24]\" title=\"Headshot-123\">\n\t\t\t\t\t\t\t\t\t\t\t<img decoding=\"async\" width=\"1388\" height=\"925\" src=\"https:\/\/www.gabrielgorgi.com\/wp-content\/uploads\/2025\/07\/photographe-corporate-123.jpg\" class=\"attachment-full size-full\" alt=\"Services de portrait professionnel pour startups \u2013 Proximit\u00e9 Paris 17\u00e8me et Paris 16\u00e8me.\" \/>\t\t\t\t\t\t<span class=\"aig-gallery-hover\">\n\t\t\t\t\t\t\t\t\t\t\t\t\t\t\t<span class=\"icon-arrows-plus\"><\/span> \n\t\t\t\t\t\t\t\t\t\t\t\t\t<\/span>\n\t\t\t\t\t\t\t\t\t\t\t<\/a>\n\t\t\t\t\t\t\t\t\t<\/div>\n\t\t\t<\/div>\n\t\t\t\t\t\t\t\t<div class=\"qode-aig-image qode-item-space\">\n\t\t\t\t<div class=\"qode-aig-image-inner\">\n\t\t\t\t\t\t\t\t\t\t\t<a itemprop=\"image\" class=\"qode-aig-lightbox\" href=\"https:\/\/www.gabrielgorgi.com\/wp-content\/uploads\/2025\/07\/photographe-corporate-154.jpg\" data-rel=\"prettyPhoto[image_gallery_pretty_photo-24]\" title=\"Portrait-154\">\n\t\t\t\t\t\t\t\t\t\t\t<img decoding=\"async\" width=\"1388\" height=\"925\" src=\"https:\/\/www.gabrielgorgi.com\/wp-content\/uploads\/2025\/07\/photographe-corporate-154.jpg\" class=\"attachment-full size-full\" alt=\"Photographe corporate \u00e0 Paris 8\u00e8me \u2013 Proximit\u00e9 Place de l&#039;\u00c9toile et Arc de Triomphe.\" \/>\t\t\t\t\t\t<span class=\"aig-gallery-hover\">\n\t\t\t\t\t\t\t\t\t\t\t\t\t\t\t<span class=\"icon-arrows-plus\"><\/span> \n\t\t\t\t\t\t\t\t\t\t\t\t\t<\/span>\n\t\t\t\t\t\t\t\t\t\t\t<\/a>\n\t\t\t\t\t\t\t\t\t<\/div>\n\t\t\t<\/div>\n\t\t\t\t\t\t\t\t<div class=\"qode-aig-image qode-item-space\">\n\t\t\t\t<div class=\"qode-aig-image-inner\">\n\t\t\t\t\t\t\t\t\t\t\t<a itemprop=\"image\" class=\"qode-aig-lightbox\" href=\"https:\/\/www.gabrielgorgi.com\/wp-content\/uploads\/2025\/07\/photographe-corporate-127.jpg\" data-rel=\"prettyPhoto[image_gallery_pretty_photo-24]\" title=\"Portrait-127\">\n\t\t\t\t\t\t\t\t\t\t\t<img decoding=\"async\" width=\"1388\" height=\"925\" src=\"https:\/\/www.gabrielgorgi.com\/wp-content\/uploads\/2025\/07\/photographe-corporate-127.jpg\" class=\"attachment-full size-full\" alt=\"Portraitiste corporate pour VIP et institutionnels \u2013 Proximit\u00e9 Palais de l&#039;\u00c9lys\u00e9e.\" \/>\t\t\t\t\t\t<span class=\"aig-gallery-hover\">\n\t\t\t\t\t\t\t\t\t\t\t\t\t\t\t<span class=\"icon-arrows-plus\"><\/span> \n\t\t\t\t\t\t\t\t\t\t\t\t\t<\/span>\n\t\t\t\t\t\t\t\t\t\t\t<\/a>\n\t\t\t\t\t\t\t\t\t<\/div>\n\t\t\t<\/div>\n\t\t\t\t\t\t\t\t<div class=\"qode-aig-image qode-item-space\">\n\t\t\t\t<div class=\"qode-aig-image-inner\">\n\t\t\t\t\t\t\t\t\t\t\t<a itemprop=\"image\" class=\"qode-aig-lightbox\" href=\"https:\/\/www.gabrielgorgi.com\/wp-content\/uploads\/2025\/07\/photographe-corporate-150.jpg\" data-rel=\"prettyPhoto[image_gallery_pretty_photo-24]\" title=\"Portrait-150\">\n\t\t\t\t\t\t\t\t\t\t\t<img decoding=\"async\" width=\"1388\" height=\"925\" src=\"https:\/\/www.gabrielgorgi.com\/wp-content\/uploads\/2025\/07\/photographe-corporate-150.jpg\" class=\"attachment-full size-full\" alt=\"Shooting photo pour cadres et dirigeants \u2013 Quartier Triangle d&#039;Or Paris 8.\" \/>\t\t\t\t\t\t<span class=\"aig-gallery-hover\">\n\t\t\t\t\t\t\t\t\t\t\t\t\t\t\t<span class=\"icon-arrows-plus\"><\/span> \n\t\t\t\t\t\t\t\t\t\t\t\t\t<\/span>\n\t\t\t\t\t\t\t\t\t\t\t<\/a>\n\t\t\t\t\t\t\t\t\t<\/div>\n\t\t\t<\/div>\n\t\t\t\t\t\t\t\t<div class=\"qode-aig-image qode-item-space\">\n\t\t\t\t<div class=\"qode-aig-image-inner\">\n\t\t\t\t\t\t\t\t\t\t\t<a itemprop=\"image\" class=\"qode-aig-lightbox\" href=\"https:\/\/www.gabrielgorgi.com\/wp-content\/uploads\/2025\/07\/photographe-corporate-92-w.jpg\" data-rel=\"prettyPhoto[image_gallery_pretty_photo-24]\" title=\"Headshot-92-w\">\n\t\t\t\t\t\t\t\t\t\t\t<img decoding=\"async\" width=\"1388\" height=\"925\" src=\"https:\/\/www.gabrielgorgi.com\/wp-content\/uploads\/2025\/07\/photographe-corporate-92-w.jpg\" class=\"attachment-full size-full\" alt=\"\" srcset=\"https:\/\/www.gabrielgorgi.com\/wp-content\/uploads\/2025\/07\/photographe-corporate-92-w.jpg 1388w, https:\/\/www.gabrielgorgi.com\/wp-content\/uploads\/2025\/07\/photographe-corporate-92-w-300x200.jpg 300w, https:\/\/www.gabrielgorgi.com\/wp-content\/uploads\/2025\/07\/photographe-corporate-92-w-1024x682.jpg 1024w, https:\/\/www.gabrielgorgi.com\/wp-content\/uploads\/2025\/07\/photographe-corporate-92-w-768x512.jpg 768w, https:\/\/www.gabrielgorgi.com\/wp-content\/uploads\/2025\/07\/photographe-corporate-92-w-700x466.jpg 700w\" sizes=\"(max-width: 1388px) 100vw, 1388px\" \/>\t\t\t\t\t\t<span class=\"aig-gallery-hover\">\n\t\t\t\t\t\t\t\t\t\t\t\t\t\t\t<span class=\"icon-arrows-plus\"><\/span> \n\t\t\t\t\t\t\t\t\t\t\t\t\t<\/span>\n\t\t\t\t\t\t\t\t\t\t\t<\/a>\n\t\t\t\t\t\t\t\t\t<\/div>\n\t\t\t<\/div>\n\t\t\t\t\t\t\t\t<div class=\"qode-aig-image qode-item-space\">\n\t\t\t\t<div class=\"qode-aig-image-inner\">\n\t\t\t\t\t\t\t\t\t\t\t<a itemprop=\"image\" class=\"qode-aig-lightbox\" href=\"https:\/\/www.gabrielgorgi.com\/wp-content\/uploads\/2025\/07\/photographe-corporate-147.jpg\" data-rel=\"prettyPhoto[image_gallery_pretty_photo-24]\" title=\"Portrait-147\">\n\t\t\t\t\t\t\t\t\t\t\t<img decoding=\"async\" width=\"1388\" height=\"925\" src=\"https:\/\/www.gabrielgorgi.com\/wp-content\/uploads\/2025\/07\/photographe-corporate-147.jpg\" class=\"attachment-full size-full\" alt=\"\" \/>\t\t\t\t\t\t<span class=\"aig-gallery-hover\">\n\t\t\t\t\t\t\t\t\t\t\t\t\t\t\t<span class=\"icon-arrows-plus\"><\/span> \n\t\t\t\t\t\t\t\t\t\t\t\t\t<\/span>\n\t\t\t\t\t\t\t\t\t\t\t<\/a>\n\t\t\t\t\t\t\t\t\t<\/div>\n\t\t\t<\/div>\n\t\t\t\t\t\t\t\t<div class=\"qode-aig-image qode-item-space\">\n\t\t\t\t<div class=\"qode-aig-image-inner\">\n\t\t\t\t\t\t\t\t\t\t\t<a itemprop=\"image\" class=\"qode-aig-lightbox\" href=\"https:\/\/www.gabrielgorgi.com\/wp-content\/uploads\/2025\/07\/photographe-corporate-146.jpg\" data-rel=\"prettyPhoto[image_gallery_pretty_photo-24]\" title=\"Portrait-146\">\n\t\t\t\t\t\t\t\t\t\t\t<img decoding=\"async\" width=\"1388\" height=\"925\" src=\"https:\/\/www.gabrielgorgi.com\/wp-content\/uploads\/2025\/07\/photographe-corporate-146.jpg\" class=\"attachment-full size-full\" alt=\"\" \/>\t\t\t\t\t\t<span class=\"aig-gallery-hover\">\n\t\t\t\t\t\t\t\t\t\t\t\t\t\t\t<span class=\"icon-arrows-plus\"><\/span> \n\t\t\t\t\t\t\t\t\t\t\t\t\t<\/span>\n\t\t\t\t\t\t\t\t\t\t\t<\/a>\n\t\t\t\t\t\t\t\t\t<\/div>\n\t\t\t<\/div>\n\t\t\t\t\t\t\t\t<div class=\"qode-aig-image qode-item-space\">\n\t\t\t\t<div class=\"qode-aig-image-inner\">\n\t\t\t\t\t\t\t\t\t\t\t<a itemprop=\"image\" class=\"qode-aig-lightbox\" href=\"https:\/\/www.gabrielgorgi.com\/wp-content\/uploads\/2025\/07\/photographe-corporate-139.jpg\" data-rel=\"prettyPhoto[image_gallery_pretty_photo-24]\" title=\"Portrait-139\">\n\t\t\t\t\t\t\t\t\t\t\t<img decoding=\"async\" width=\"1388\" height=\"925\" src=\"https:\/\/www.gabrielgorgi.com\/wp-content\/uploads\/2025\/07\/photographe-corporate-139.jpg\" class=\"attachment-full size-full\" alt=\"Photographe corporate pour entreprises de Paris La D\u00e9fense \u2013 Studio \u00e0 10 min en RER A.\" \/>\t\t\t\t\t\t<span class=\"aig-gallery-hover\">\n\t\t\t\t\t\t\t\t\t\t\t\t\t\t\t<span class=\"icon-arrows-plus\"><\/span> \n\t\t\t\t\t\t\t\t\t\t\t\t\t<\/span>\n\t\t\t\t\t\t\t\t\t\t\t<\/a>\n\t\t\t\t\t\t\t\t\t<\/div>\n\t\t\t<\/div>\n\t\t\t\t\t\t\t\t<div class=\"qode-aig-image qode-item-space\">\n\t\t\t\t<div class=\"qode-aig-image-inner\">\n\t\t\t\t\t\t\t\t\t\t\t<a itemprop=\"image\" class=\"qode-aig-lightbox\" href=\"https:\/\/www.gabrielgorgi.com\/wp-content\/uploads\/2025\/07\/photographe-corporate-148.jpg\" data-rel=\"prettyPhoto[image_gallery_pretty_photo-24]\" title=\"Portrait-148\">\n\t\t\t\t\t\t\t\t\t\t\t<img decoding=\"async\" width=\"1388\" height=\"925\" src=\"https:\/\/www.gabrielgorgi.com\/wp-content\/uploads\/2025\/07\/photographe-corporate-148.jpg\" class=\"attachment-full size-full\" alt=\"S\u00e9ance de headshot haut de gamme \u00e0 Paris \u2013 Studio professionnel entre l&#039;\u00c9toile et Concorde.\" \/>\t\t\t\t\t\t<span class=\"aig-gallery-hover\">\n\t\t\t\t\t\t\t\t\t\t\t\t\t\t\t<span class=\"icon-arrows-plus\"><\/span> \n\t\t\t\t\t\t\t\t\t\t\t\t\t<\/span>\n\t\t\t\t\t\t\t\t\t\t\t<\/a>\n\t\t\t\t\t\t\t\t\t<\/div>\n\t\t\t<\/div>\n\t\t\t\t\t\t\t\t<div class=\"qode-aig-image qode-item-space\">\n\t\t\t\t<div class=\"qode-aig-image-inner\">\n\t\t\t\t\t\t\t\t\t\t\t<a itemprop=\"image\" class=\"qode-aig-lightbox\" href=\"https:\/\/www.gabrielgorgi.com\/wp-content\/uploads\/2025\/07\/photographe-corporate-149.jpg\" data-rel=\"prettyPhoto[image_gallery_pretty_photo-24]\" title=\"Portrait-149\">\n\t\t\t\t\t\t\t\t\t\t\t<img decoding=\"async\" width=\"1388\" height=\"925\" src=\"https:\/\/www.gabrielgorgi.com\/wp-content\/uploads\/2025\/07\/photographe-corporate-149.jpg\" class=\"attachment-full size-full\" alt=\"Studio Gabriel Gorgi \u2013 Photographe d&#039;affaires situ\u00e9 \u00e0 deux pas de l&#039;Avenue George V.\" \/>\t\t\t\t\t\t<span class=\"aig-gallery-hover\">\n\t\t\t\t\t\t\t\t\t\t\t\t\t\t\t<span class=\"icon-arrows-plus\"><\/span> \n\t\t\t\t\t\t\t\t\t\t\t\t\t<\/span>\n\t\t\t\t\t\t\t\t\t\t\t<\/a>\n\t\t\t\t\t\t\t\t\t<\/div>\n\t\t\t<\/div>\n\t\t\t\t\t\t\t\t<div class=\"qode-aig-image qode-item-space\">\n\t\t\t\t<div class=\"qode-aig-image-inner\">\n\t\t\t\t\t\t\t\t\t\t\t<a itemprop=\"image\" class=\"qode-aig-lightbox\" href=\"https:\/\/www.gabrielgorgi.com\/wp-content\/uploads\/2025\/07\/photographe-corporate-151.jpg\" data-rel=\"prettyPhoto[image_gallery_pretty_photo-24]\" title=\"Portrait-151\">\n\t\t\t\t\t\t\t\t\t\t\t<img decoding=\"async\" width=\"1388\" height=\"925\" src=\"https:\/\/www.gabrielgorgi.com\/wp-content\/uploads\/2025\/07\/photographe-corporate-151.jpg\" class=\"attachment-full size-full\" alt=\"Portrait professionnel au studio des Champs-\u00c9lys\u00e9es \u2013 Acc\u00e8s direct m\u00e9tro Franklin D. Roosevelt.\" \/>\t\t\t\t\t\t<span class=\"aig-gallery-hover\">\n\t\t\t\t\t\t\t\t\t\t\t\t\t\t\t<span class=\"icon-arrows-plus\"><\/span> \n\t\t\t\t\t\t\t\t\t\t\t\t\t<\/span>\n\t\t\t\t\t\t\t\t\t\t\t<\/a>\n\t\t\t\t\t\t\t\t\t<\/div>\n\t\t\t<\/div>\n\t\t\t\t\t\t\t\t<div class=\"qode-aig-image qode-item-space\">\n\t\t\t\t<div class=\"qode-aig-image-inner\">\n\t\t\t\t\t\t\t\t\t\t\t<a itemprop=\"image\" class=\"qode-aig-lightbox\" href=\"https:\/\/www.gabrielgorgi.com\/wp-content\/uploads\/2025\/07\/photographe-corporate-93-w.jpg\" data-rel=\"prettyPhoto[image_gallery_pretty_photo-24]\" title=\"Headshot-93-w\">\n\t\t\t\t\t\t\t\t\t\t\t<img decoding=\"async\" width=\"1388\" height=\"925\" src=\"https:\/\/www.gabrielgorgi.com\/wp-content\/uploads\/2025\/07\/photographe-corporate-93-w.jpg\" class=\"attachment-full size-full\" alt=\"Portrait de femme d\u2019affaires \u00e0 Paris 8\u00e8me \u2013 Image de marque et leadership.\" srcset=\"https:\/\/www.gabrielgorgi.com\/wp-content\/uploads\/2025\/07\/photographe-corporate-93-w.jpg 1388w, https:\/\/www.gabrielgorgi.com\/wp-content\/uploads\/2025\/07\/photographe-corporate-93-w-300x200.jpg 300w, https:\/\/www.gabrielgorgi.com\/wp-content\/uploads\/2025\/07\/photographe-corporate-93-w-1024x682.jpg 1024w, https:\/\/www.gabrielgorgi.com\/wp-content\/uploads\/2025\/07\/photographe-corporate-93-w-768x512.jpg 768w, https:\/\/www.gabrielgorgi.com\/wp-content\/uploads\/2025\/07\/photographe-corporate-93-w-700x466.jpg 700w\" sizes=\"(max-width: 1388px) 100vw, 1388px\" \/>\t\t\t\t\t\t<span class=\"aig-gallery-hover\">\n\t\t\t\t\t\t\t\t\t\t\t\t\t\t\t<span class=\"icon-arrows-plus\"><\/span> \n\t\t\t\t\t\t\t\t\t\t\t\t\t<\/span>\n\t\t\t\t\t\t\t\t\t\t\t<\/a>\n\t\t\t\t\t\t\t\t\t<\/div>\n\t\t\t<\/div>\n\t\t\t\t\t\t\t\t<div class=\"qode-aig-image qode-item-space\">\n\t\t\t\t<div class=\"qode-aig-image-inner\">\n\t\t\t\t\t\t\t\t\t\t\t<a itemprop=\"image\" class=\"qode-aig-lightbox\" href=\"https:\/\/www.gabrielgorgi.com\/wp-content\/uploads\/2025\/07\/photographe-corporate-160.jpg\" data-rel=\"prettyPhoto[image_gallery_pretty_photo-24]\" title=\"Portrait-160\">\n\t\t\t\t\t\t\t\t\t\t\t<img decoding=\"async\" width=\"1388\" height=\"925\" src=\"https:\/\/www.gabrielgorgi.com\/wp-content\/uploads\/2025\/07\/photographe-corporate-160.jpg\" class=\"attachment-full size-full\" alt=\"Studio de photographie professionnelle Paris 8 \u2013 Fa\u00e7ade Avenue des Champs-\u00c9lys\u00e9es.\" \/>\t\t\t\t\t\t<span class=\"aig-gallery-hover\">\n\t\t\t\t\t\t\t\t\t\t\t\t\t\t\t<span class=\"icon-arrows-plus\"><\/span> \n\t\t\t\t\t\t\t\t\t\t\t\t\t<\/span>\n\t\t\t\t\t\t\t\t\t\t\t<\/a>\n\t\t\t\t\t\t\t\t\t<\/div>\n\t\t\t<\/div>\n\t\t\t\t\t\t\t\t<div class=\"qode-aig-image qode-item-space\">\n\t\t\t\t<div class=\"qode-aig-image-inner\">\n\t\t\t\t\t\t\t\t\t\t\t<a itemprop=\"image\" class=\"qode-aig-lightbox\" href=\"https:\/\/www.gabrielgorgi.com\/wp-content\/uploads\/2025\/07\/photographe-corporate-152.jpg\" data-rel=\"prettyPhoto[image_gallery_pretty_photo-24]\" title=\"Portrait-152\">\n\t\t\t\t\t\t\t\t\t\t\t<img decoding=\"async\" width=\"1388\" height=\"925\" src=\"https:\/\/www.gabrielgorgi.com\/wp-content\/uploads\/2025\/07\/photographe-corporate-152.jpg\" class=\"attachment-full size-full\" alt=\"Portrait corporate de dirigeant d\u2019entreprise \u00e0 Paris \u2013 S\u00e9ance au studio Gabriel Gorgi.\" \/>\t\t\t\t\t\t<span class=\"aig-gallery-hover\">\n\t\t\t\t\t\t\t\t\t\t\t\t\t\t\t<span class=\"icon-arrows-plus\"><\/span> \n\t\t\t\t\t\t\t\t\t\t\t\t\t<\/span>\n\t\t\t\t\t\t\t\t\t\t\t<\/a>\n\t\t\t\t\t\t\t\t\t<\/div>\n\t\t\t<\/div>\n\t\t\t\t\t\t\t\t<div class=\"qode-aig-image qode-item-space\">\n\t\t\t\t<div class=\"qode-aig-image-inner\">\n\t\t\t\t\t\t\t\t\t\t\t<a itemprop=\"image\" class=\"qode-aig-lightbox\" href=\"https:\/\/www.gabrielgorgi.com\/wp-content\/uploads\/2025\/07\/photographe-corporate-159.jpg\" data-rel=\"prettyPhoto[image_gallery_pretty_photo-24]\" title=\"Portrait-159\">\n\t\t\t\t\t\t\t\t\t\t\t<img decoding=\"async\" width=\"1388\" height=\"925\" src=\"https:\/\/www.gabrielgorgi.com\/wp-content\/uploads\/2025\/07\/photographe-corporate-159.jpg\" class=\"attachment-full size-full\" alt=\"S\u00e9ance photo corporate en studio \u00e0 Paris \u2013 \u00c9clairage premium et direction d\u2019acteur.\" \/>\t\t\t\t\t\t<span class=\"aig-gallery-hover\">\n\t\t\t\t\t\t\t\t\t\t\t\t\t\t\t<span class=\"icon-arrows-plus\"><\/span> \n\t\t\t\t\t\t\t\t\t\t\t\t\t<\/span>\n\t\t\t\t\t\t\t\t\t\t\t<\/a>\n\t\t\t\t\t\t\t\t\t<\/div>\n\t\t\t<\/div>\n\t\t\t\t\t\t\t\t<div class=\"qode-aig-image qode-item-space\">\n\t\t\t\t<div class=\"qode-aig-image-inner\">\n\t\t\t\t\t\t\t\t\t\t\t<a itemprop=\"image\" class=\"qode-aig-lightbox\" href=\"https:\/\/www.gabrielgorgi.com\/wp-content\/uploads\/2025\/07\/photographe-corporate-158.jpg\" data-rel=\"prettyPhoto[image_gallery_pretty_photo-24]\" title=\"Evoto\">\n\t\t\t\t\t\t\t\t\t\t\t<img decoding=\"async\" width=\"1388\" height=\"926\" src=\"https:\/\/www.gabrielgorgi.com\/wp-content\/uploads\/2025\/07\/photographe-corporate-158.jpg\" class=\"attachment-full size-full\" alt=\"\" \/>\t\t\t\t\t\t<span class=\"aig-gallery-hover\">\n\t\t\t\t\t\t\t\t\t\t\t\t\t\t\t<span class=\"icon-arrows-plus\"><\/span> \n\t\t\t\t\t\t\t\t\t\t\t\t\t<\/span>\n\t\t\t\t\t\t\t\t\t\t\t<\/a>\n\t\t\t\t\t\t\t\t\t<\/div>\n\t\t\t<\/div>\n\t\t\t\t\t\t\t\t<div class=\"qode-aig-image qode-item-space\">\n\t\t\t\t<div class=\"qode-aig-image-inner\">\n\t\t\t\t\t\t\t\t\t\t\t<a itemprop=\"image\" class=\"qode-aig-lightbox\" href=\"https:\/\/www.gabrielgorgi.com\/wp-content\/uploads\/2025\/07\/photographe-corporate-157.jpg\" data-rel=\"prettyPhoto[image_gallery_pretty_photo-24]\" title=\"Portrait-157\">\n\t\t\t\t\t\t\t\t\t\t\t<img decoding=\"async\" width=\"1388\" height=\"925\" src=\"https:\/\/www.gabrielgorgi.com\/wp-content\/uploads\/2025\/07\/photographe-corporate-157.jpg\" class=\"attachment-full size-full\" alt=\"Photographe portraitiste Paris \u2013 Coulisses d\u2019un shooting professionnel au studio Gorgi.\" \/>\t\t\t\t\t\t<span class=\"aig-gallery-hover\">\n\t\t\t\t\t\t\t\t\t\t\t\t\t\t\t<span class=\"icon-arrows-plus\"><\/span> \n\t\t\t\t\t\t\t\t\t\t\t\t\t<\/span>\n\t\t\t\t\t\t\t\t\t\t\t<\/a>\n\t\t\t\t\t\t\t\t\t<\/div>\n\t\t\t<\/div>\n\t\t\t\t\t\t\t\t<div class=\"qode-aig-image qode-item-space\">\n\t\t\t\t<div class=\"qode-aig-image-inner\">\n\t\t\t\t\t\t\t\t\t\t\t<a itemprop=\"image\" class=\"qode-aig-lightbox\" href=\"https:\/\/www.gabrielgorgi.com\/wp-content\/uploads\/2025\/07\/photographe-corporate-161.jpg\" data-rel=\"prettyPhoto[image_gallery_pretty_photo-24]\" title=\"Portrait-161\">\n\t\t\t\t\t\t\t\t\t\t\t<img decoding=\"async\" width=\"1388\" height=\"925\" src=\"https:\/\/www.gabrielgorgi.com\/wp-content\/uploads\/2025\/07\/photographe-corporate-161.jpg\" class=\"attachment-full size-full\" alt=\"Portrait professionnel pour membre de conseil d\u2019administration \u2013 Studio Gabriel Gorgi Paris.\" \/>\t\t\t\t\t\t<span class=\"aig-gallery-hover\">\n\t\t\t\t\t\t\t\t\t\t\t\t\t\t\t<span class=\"icon-arrows-plus\"><\/span> \n\t\t\t\t\t\t\t\t\t\t\t\t\t<\/span>\n\t\t\t\t\t\t\t\t\t\t\t<\/a>\n\t\t\t\t\t\t\t\t\t<\/div>\n\t\t\t<\/div>\n\t\t\t\t\t\t\t\t<div class=\"qode-aig-image qode-item-space\">\n\t\t\t\t<div class=\"qode-aig-image-inner\">\n\t\t\t\t\t\t\t\t\t\t\t<a itemprop=\"image\" class=\"qode-aig-lightbox\" href=\"https:\/\/www.gabrielgorgi.com\/wp-content\/uploads\/2025\/07\/photographe-corporate-145-w.jpg\" data-rel=\"prettyPhoto[image_gallery_pretty_photo-24]\" title=\"Portrait-145-w\">\n\t\t\t\t\t\t\t\t\t\t\t<img decoding=\"async\" width=\"1388\" height=\"925\" src=\"https:\/\/www.gabrielgorgi.com\/wp-content\/uploads\/2025\/07\/photographe-corporate-145-w.jpg\" class=\"attachment-full size-full\" alt=\"\" srcset=\"https:\/\/www.gabrielgorgi.com\/wp-content\/uploads\/2025\/07\/photographe-corporate-145-w.jpg 1388w, https:\/\/www.gabrielgorgi.com\/wp-content\/uploads\/2025\/07\/photographe-corporate-145-w-300x200.jpg 300w, https:\/\/www.gabrielgorgi.com\/wp-content\/uploads\/2025\/07\/photographe-corporate-145-w-1024x682.jpg 1024w, https:\/\/www.gabrielgorgi.com\/wp-content\/uploads\/2025\/07\/photographe-corporate-145-w-768x512.jpg 768w, https:\/\/www.gabrielgorgi.com\/wp-content\/uploads\/2025\/07\/photographe-corporate-145-w-700x466.jpg 700w\" sizes=\"(max-width: 1388px) 100vw, 1388px\" \/>\t\t\t\t\t\t<span class=\"aig-gallery-hover\">\n\t\t\t\t\t\t\t\t\t\t\t\t\t\t\t<span class=\"icon-arrows-plus\"><\/span> \n\t\t\t\t\t\t\t\t\t\t\t\t\t<\/span>\n\t\t\t\t\t\t\t\t\t\t\t<\/a>\n\t\t\t\t\t\t\t\t\t<\/div>\n\t\t\t<\/div>\n\t\t\t\t\t\t\t\t<div class=\"qode-aig-image qode-item-space\">\n\t\t\t\t<div class=\"qode-aig-image-inner\">\n\t\t\t\t\t\t\t\t\t\t\t<a itemprop=\"image\" class=\"qode-aig-lightbox\" href=\"https:\/\/www.gabrielgorgi.com\/wp-content\/uploads\/2025\/07\/photographe-corporate-156.jpg\" data-rel=\"prettyPhoto[image_gallery_pretty_photo-24]\" title=\"Portrait-156\">\n\t\t\t\t\t\t\t\t\t\t\t<img decoding=\"async\" width=\"1388\" height=\"926\" src=\"https:\/\/www.gabrielgorgi.com\/wp-content\/uploads\/2025\/07\/photographe-corporate-156.jpg\" class=\"attachment-full size-full\" alt=\"Espace accueil du studio Gabriel Gorgi \u2013 Photographe d&#039;affaires Paris Champs-\u00c9lys\u00e9es.\" \/>\t\t\t\t\t\t<span class=\"aig-gallery-hover\">\n\t\t\t\t\t\t\t\t\t\t\t\t\t\t\t<span class=\"icon-arrows-plus\"><\/span> \n\t\t\t\t\t\t\t\t\t\t\t\t\t<\/span>\n\t\t\t\t\t\t\t\t\t\t\t<\/a>\n\t\t\t\t\t\t\t\t\t<\/div>\n\t\t\t<\/div>\n\t\t\t\t\t\t\t\t<div class=\"qode-aig-image qode-item-space\">\n\t\t\t\t<div class=\"qode-aig-image-inner\">\n\t\t\t\t\t\t\t\t\t\t\t<a itemprop=\"image\" class=\"qode-aig-lightbox\" href=\"https:\/\/www.gabrielgorgi.com\/wp-content\/uploads\/2025\/05\/photographe-corporate-134.jpg\" data-rel=\"prettyPhoto[image_gallery_pretty_photo-24]\" title=\"Portrait-134\">\n\t\t\t\t\t\t\t\t\t\t\t<img decoding=\"async\" width=\"1388\" height=\"925\" src=\"https:\/\/www.gabrielgorgi.com\/wp-content\/uploads\/2025\/05\/photographe-corporate-134.jpg\" class=\"attachment-full size-full\" alt=\"photographe-corporate\" \/>\t\t\t\t\t\t<span class=\"aig-gallery-hover\">\n\t\t\t\t\t\t\t\t\t\t\t\t\t\t\t<span class=\"icon-arrows-plus\"><\/span> \n\t\t\t\t\t\t\t\t\t\t\t\t\t<\/span>\n\t\t\t\t\t\t\t\t\t\t\t<\/a>\n\t\t\t\t\t\t\t\t\t<\/div>\n\t\t\t<\/div>\n\t\t\t\t\t\t\t\t<div class=\"qode-aig-image qode-item-space\">\n\t\t\t\t<div class=\"qode-aig-image-inner\">\n\t\t\t\t\t\t\t\t\t\t\t<a itemprop=\"image\" class=\"qode-aig-lightbox\" href=\"https:\/\/www.gabrielgorgi.com\/wp-content\/uploads\/2025\/01\/photographe-corporate-108.jpg\" data-rel=\"prettyPhoto[image_gallery_pretty_photo-24]\" title=\"Headshot-108\">\n\t\t\t\t\t\t\t\t\t\t\t<img decoding=\"async\" width=\"1388\" height=\"925\" src=\"https:\/\/www.gabrielgorgi.com\/wp-content\/uploads\/2025\/01\/photographe-corporate-108.jpg\" class=\"attachment-full size-full\" alt=\"\" \/>\t\t\t\t\t\t<span class=\"aig-gallery-hover\">\n\t\t\t\t\t\t\t\t\t\t\t\t\t\t\t<span class=\"icon-arrows-plus\"><\/span> \n\t\t\t\t\t\t\t\t\t\t\t\t\t<\/span>\n\t\t\t\t\t\t\t\t\t\t\t<\/a>\n\t\t\t\t\t\t\t\t\t<\/div>\n\t\t\t<\/div>\n\t\t\t\t\t\t\t\t<div class=\"qode-aig-image qode-item-space\">\n\t\t\t\t<div class=\"qode-aig-image-inner\">\n\t\t\t\t\t\t\t\t\t\t\t<a itemprop=\"image\" class=\"qode-aig-lightbox\" href=\"https:\/\/www.gabrielgorgi.com\/wp-content\/uploads\/2025\/05\/photographe-corporate-137.jpg\" data-rel=\"prettyPhoto[image_gallery_pretty_photo-24]\" title=\"Portrait-137\">\n\t\t\t\t\t\t\t\t\t\t\t<img decoding=\"async\" width=\"1388\" height=\"925\" src=\"https:\/\/www.gabrielgorgi.com\/wp-content\/uploads\/2025\/05\/photographe-corporate-137.jpg\" class=\"attachment-full size-full\" alt=\"Gorgi, photographe professionnel, portrait corporate pour entreprises et dirigeants.\" \/>\t\t\t\t\t\t<span class=\"aig-gallery-hover\">\n\t\t\t\t\t\t\t\t\t\t\t\t\t\t\t<span class=\"icon-arrows-plus\"><\/span> \n\t\t\t\t\t\t\t\t\t\t\t\t\t<\/span>\n\t\t\t\t\t\t\t\t\t\t\t<\/a>\n\t\t\t\t\t\t\t\t\t<\/div>\n\t\t\t<\/div>\n\t\t\t\t\t\t\t\t<div class=\"qode-aig-image qode-item-space\">\n\t\t\t\t<div class=\"qode-aig-image-inner\">\n\t\t\t\t\t\t\t\t\t\t\t<a itemprop=\"image\" class=\"qode-aig-lightbox\" href=\"https:\/\/www.gabrielgorgi.com\/wp-content\/uploads\/2025\/07\/photographe-corporate-140.jpg\" data-rel=\"prettyPhoto[image_gallery_pretty_photo-24]\" title=\"Portrait-140\">\n\t\t\t\t\t\t\t\t\t\t\t<img decoding=\"async\" width=\"1388\" height=\"926\" src=\"https:\/\/www.gabrielgorgi.com\/wp-content\/uploads\/2025\/07\/photographe-corporate-140.jpg\" class=\"attachment-full size-full\" alt=\"Reportage photo corporate en entreprise \u2013 D\u00e9placement dans tout le 8\u00e8me arrondissement de Paris.\" \/>\t\t\t\t\t\t<span class=\"aig-gallery-hover\">\n\t\t\t\t\t\t\t\t\t\t\t\t\t\t\t<span class=\"icon-arrows-plus\"><\/span> \n\t\t\t\t\t\t\t\t\t\t\t\t\t<\/span>\n\t\t\t\t\t\t\t\t\t\t\t<\/a>\n\t\t\t\t\t\t\t\t\t<\/div>\n\t\t\t<\/div>\n\t\t\t\t\t\t\t\t<div class=\"qode-aig-image qode-item-space\">\n\t\t\t\t<div class=\"qode-aig-image-inner\">\n\t\t\t\t\t\t\t\t\t\t\t<a itemprop=\"image\" class=\"qode-aig-lightbox\" href=\"https:\/\/www.gabrielgorgi.com\/wp-content\/uploads\/2025\/05\/photographe-corporate-135.jpg\" data-rel=\"prettyPhoto[image_gallery_pretty_photo-24]\" title=\"Portrait-135\">\n\t\t\t\t\t\t\t\t\t\t\t<img decoding=\"async\" width=\"1388\" height=\"925\" src=\"https:\/\/www.gabrielgorgi.com\/wp-content\/uploads\/2025\/05\/photographe-corporate-135.jpg\" class=\"attachment-full size-full\" alt=\"\" \/>\t\t\t\t\t\t<span class=\"aig-gallery-hover\">\n\t\t\t\t\t\t\t\t\t\t\t\t\t\t\t<span class=\"icon-arrows-plus\"><\/span> \n\t\t\t\t\t\t\t\t\t\t\t\t\t<\/span>\n\t\t\t\t\t\t\t\t\t\t\t<\/a>\n\t\t\t\t\t\t\t\t\t<\/div>\n\t\t\t<\/div>\n\t\t\t\t\t\t\t\t<div class=\"qode-aig-image qode-item-space\">\n\t\t\t\t<div class=\"qode-aig-image-inner\">\n\t\t\t\t\t\t\t\t\t\t\t<a itemprop=\"image\" class=\"qode-aig-lightbox\" href=\"https:\/\/www.gabrielgorgi.com\/wp-content\/uploads\/2025\/07\/photographe-corporate-94-w-1.jpg\" data-rel=\"prettyPhoto[image_gallery_pretty_photo-24]\" title=\"Headshot-94-w\">\n\t\t\t\t\t\t\t\t\t\t\t<img decoding=\"async\" width=\"1388\" height=\"925\" src=\"https:\/\/www.gabrielgorgi.com\/wp-content\/uploads\/2025\/07\/photographe-corporate-94-w-1.jpg\" class=\"attachment-full size-full\" alt=\"Photographe corporate professionnel pour portraits et \u00e9v\u00e9nements d&#039;entreprise.\" srcset=\"https:\/\/www.gabrielgorgi.com\/wp-content\/uploads\/2025\/07\/photographe-corporate-94-w-1.jpg 1388w, https:\/\/www.gabrielgorgi.com\/wp-content\/uploads\/2025\/07\/photographe-corporate-94-w-1-300x200.jpg 300w, https:\/\/www.gabrielgorgi.com\/wp-content\/uploads\/2025\/07\/photographe-corporate-94-w-1-1024x682.jpg 1024w, https:\/\/www.gabrielgorgi.com\/wp-content\/uploads\/2025\/07\/photographe-corporate-94-w-1-768x512.jpg 768w, https:\/\/www.gabrielgorgi.com\/wp-content\/uploads\/2025\/07\/photographe-corporate-94-w-1-700x466.jpg 700w\" sizes=\"(max-width: 1388px) 100vw, 1388px\" \/>\t\t\t\t\t\t<span class=\"aig-gallery-hover\">\n\t\t\t\t\t\t\t\t\t\t\t\t\t\t\t<span class=\"icon-arrows-plus\"><\/span> \n\t\t\t\t\t\t\t\t\t\t\t\t\t<\/span>\n\t\t\t\t\t\t\t\t\t\t\t<\/a>\n\t\t\t\t\t\t\t\t\t<\/div>\n\t\t\t<\/div>\n\t\t\t\t\t\t\t\t<div class=\"qode-aig-image qode-item-space\">\n\t\t\t\t<div class=\"qode-aig-image-inner\">\n\t\t\t\t\t\t\t\t\t\t\t<a itemprop=\"image\" class=\"qode-aig-lightbox\" href=\"https:\/\/www.gabrielgorgi.com\/wp-content\/uploads\/2024\/07\/photographe-corporate-112.jpg\" data-rel=\"prettyPhoto[image_gallery_pretty_photo-24]\" title=\"Headshot-112\">\n\t\t\t\t\t\t\t\t\t\t\t<img decoding=\"async\" width=\"1388\" height=\"926\" src=\"https:\/\/www.gabrielgorgi.com\/wp-content\/uploads\/2024\/07\/photographe-corporate-112.jpg\" class=\"attachment-full size-full\" alt=\"\" \/>\t\t\t\t\t\t<span class=\"aig-gallery-hover\">\n\t\t\t\t\t\t\t\t\t\t\t\t\t\t\t<span class=\"icon-arrows-plus\"><\/span> \n\t\t\t\t\t\t\t\t\t\t\t\t\t<\/span>\n\t\t\t\t\t\t\t\t\t\t\t<\/a>\n\t\t\t\t\t\t\t\t\t<\/div>\n\t\t\t<\/div>\n\t\t\t\t\t\t\t\t<div class=\"qode-aig-image qode-item-space\">\n\t\t\t\t<div class=\"qode-aig-image-inner\">\n\t\t\t\t\t\t\t\t\t\t\t<a itemprop=\"image\" class=\"qode-aig-lightbox\" href=\"https:\/\/www.gabrielgorgi.com\/wp-content\/uploads\/2024\/09\/photographe-corporate-124.jpg\" data-rel=\"prettyPhoto[image_gallery_pretty_photo-24]\" title=\"Headshot-124\">\n\t\t\t\t\t\t\t\t\t\t\t<img decoding=\"async\" width=\"1388\" height=\"925\" src=\"https:\/\/www.gabrielgorgi.com\/wp-content\/uploads\/2024\/09\/photographe-corporate-124.jpg\" class=\"attachment-full size-full\" alt=\"\" \/>\t\t\t\t\t\t<span class=\"aig-gallery-hover\">\n\t\t\t\t\t\t\t\t\t\t\t\t\t\t\t<span class=\"icon-arrows-plus\"><\/span> \n\t\t\t\t\t\t\t\t\t\t\t\t\t<\/span>\n\t\t\t\t\t\t\t\t\t\t\t<\/a>\n\t\t\t\t\t\t\t\t\t<\/div>\n\t\t\t<\/div>\n\t\t\t\t\t\t\t\t<div class=\"qode-aig-image qode-item-space\">\n\t\t\t\t<div class=\"qode-aig-image-inner\">\n\t\t\t\t\t\t\t\t\t\t\t<a itemprop=\"image\" class=\"qode-aig-lightbox\" href=\"https:\/\/www.gabrielgorgi.com\/wp-content\/uploads\/2024\/07\/photographe-corporate-111.jpg\" data-rel=\"prettyPhoto[image_gallery_pretty_photo-24]\" title=\"Headshot-111\">\n\t\t\t\t\t\t\t\t\t\t\t<img decoding=\"async\" width=\"1388\" height=\"925\" src=\"https:\/\/www.gabrielgorgi.com\/wp-content\/uploads\/2024\/07\/photographe-corporate-111.jpg\" class=\"attachment-full size-full\" alt=\"\" \/>\t\t\t\t\t\t<span class=\"aig-gallery-hover\">\n\t\t\t\t\t\t\t\t\t\t\t\t\t\t\t<span class=\"icon-arrows-plus\"><\/span> \n\t\t\t\t\t\t\t\t\t\t\t\t\t<\/span>\n\t\t\t\t\t\t\t\t\t\t\t<\/a>\n\t\t\t\t\t\t\t\t\t<\/div>\n\t\t\t<\/div>\n\t\t\t\t\t\t\t\t<div class=\"qode-aig-image qode-item-space\">\n\t\t\t\t<div class=\"qode-aig-image-inner\">\n\t\t\t\t\t\t\t\t\t\t\t<a itemprop=\"image\" class=\"qode-aig-lightbox\" href=\"https:\/\/www.gabrielgorgi.com\/wp-content\/uploads\/2024\/07\/photographe-corporate-106.jpg\" data-rel=\"prettyPhoto[image_gallery_pretty_photo-24]\" title=\"Headshot-106\">\n\t\t\t\t\t\t\t\t\t\t\t<img decoding=\"async\" width=\"1388\" height=\"925\" src=\"https:\/\/www.gabrielgorgi.com\/wp-content\/uploads\/2024\/07\/photographe-corporate-106.jpg\" class=\"attachment-full size-full\" alt=\"\" \/>\t\t\t\t\t\t<span class=\"aig-gallery-hover\">\n\t\t\t\t\t\t\t\t\t\t\t\t\t\t\t<span class=\"icon-arrows-plus\"><\/span> \n\t\t\t\t\t\t\t\t\t\t\t\t\t<\/span>\n\t\t\t\t\t\t\t\t\t\t\t<\/a>\n\t\t\t\t\t\t\t\t\t<\/div>\n\t\t\t<\/div>\n\t\t\t\t\t\t\t\t<div class=\"qode-aig-image qode-item-space\">\n\t\t\t\t<div class=\"qode-aig-image-inner\">\n\t\t\t\t\t\t\t\t\t\t\t<a itemprop=\"image\" class=\"qode-aig-lightbox\" href=\"https:\/\/www.gabrielgorgi.com\/wp-content\/uploads\/2024\/07\/photographe-corporate-121.jpeg\" data-rel=\"prettyPhoto[image_gallery_pretty_photo-24]\" title=\"Headshot-121\">\n\t\t\t\t\t\t\t\t\t\t\t<img decoding=\"async\" width=\"1388\" height=\"925\" src=\"https:\/\/www.gabrielgorgi.com\/wp-content\/uploads\/2024\/07\/photographe-corporate-121.jpeg\" class=\"attachment-full size-full\" alt=\"\" \/>\t\t\t\t\t\t<span class=\"aig-gallery-hover\">\n\t\t\t\t\t\t\t\t\t\t\t\t\t\t\t<span class=\"icon-arrows-plus\"><\/span> \n\t\t\t\t\t\t\t\t\t\t\t\t\t<\/span>\n\t\t\t\t\t\t\t\t\t\t\t<\/a>\n\t\t\t\t\t\t\t\t\t<\/div>\n\t\t\t<\/div>\n\t\t\t\t\t\t\t\t<div class=\"qode-aig-image qode-item-space\">\n\t\t\t\t<div class=\"qode-aig-image-inner\">\n\t\t\t\t\t\t\t\t\t\t\t<a itemprop=\"image\" class=\"qode-aig-lightbox\" href=\"https:\/\/www.gabrielgorgi.com\/wp-content\/uploads\/2024\/07\/photographe-corporate-102.jpg\" data-rel=\"prettyPhoto[image_gallery_pretty_photo-24]\" title=\"Headshot-102\">\n\t\t\t\t\t\t\t\t\t\t\t<img decoding=\"async\" width=\"1388\" height=\"925\" src=\"https:\/\/www.gabrielgorgi.com\/wp-content\/uploads\/2024\/07\/photographe-corporate-102.jpg\" class=\"attachment-full size-full\" alt=\"\" \/>\t\t\t\t\t\t<span class=\"aig-gallery-hover\">\n\t\t\t\t\t\t\t\t\t\t\t\t\t\t\t<span class=\"icon-arrows-plus\"><\/span> \n\t\t\t\t\t\t\t\t\t\t\t\t\t<\/span>\n\t\t\t\t\t\t\t\t\t\t\t<\/a>\n\t\t\t\t\t\t\t\t\t<\/div>\n\t\t\t<\/div>\n\t\t\t\t\t\t\t\t<div class=\"qode-aig-image qode-item-space\">\n\t\t\t\t<div class=\"qode-aig-image-inner\">\n\t\t\t\t\t\t\t\t\t\t\t<a itemprop=\"image\" class=\"qode-aig-lightbox\" href=\"https:\/\/www.gabrielgorgi.com\/wp-content\/uploads\/2024\/05\/photographe-corporate-insead7525-large.jpeg\" data-rel=\"prettyPhoto[image_gallery_pretty_photo-24]\" title=\"2024-05-19 Insead7525 Large\">\n\t\t\t\t\t\t\t\t\t\t\t<img decoding=\"async\" width=\"1280\" height=\"853\" src=\"https:\/\/www.gabrielgorgi.com\/wp-content\/uploads\/2024\/05\/photographe-corporate-insead7525-large.jpeg\" class=\"attachment-full size-full\" alt=\"\" \/>\t\t\t\t\t\t<span class=\"aig-gallery-hover\">\n\t\t\t\t\t\t\t\t\t\t\t\t\t\t\t<span class=\"icon-arrows-plus\"><\/span> \n\t\t\t\t\t\t\t\t\t\t\t\t\t<\/span>\n\t\t\t\t\t\t\t\t\t\t\t<\/a>\n\t\t\t\t\t\t\t\t\t<\/div>\n\t\t\t<\/div>\n\t\t\t\t\t\t\t\t<div class=\"qode-aig-image qode-item-space\">\n\t\t\t\t<div class=\"qode-aig-image-inner\">\n\t\t\t\t\t\t\t\t\t\t\t<a itemprop=\"image\" class=\"qode-aig-lightbox\" href=\"https:\/\/www.gabrielgorgi.com\/wp-content\/uploads\/2025\/07\/photographe-corporate-153.jpg\" data-rel=\"prettyPhoto[image_gallery_pretty_photo-24]\" title=\"Portrait-153\">\n\t\t\t\t\t\t\t\t\t\t\t<img decoding=\"async\" width=\"1388\" height=\"925\" src=\"https:\/\/www.gabrielgorgi.com\/wp-content\/uploads\/2025\/07\/photographe-corporate-153.jpg\" class=\"attachment-full size-full\" alt=\"\" \/>\t\t\t\t\t\t<span class=\"aig-gallery-hover\">\n\t\t\t\t\t\t\t\t\t\t\t\t\t\t\t<span class=\"icon-arrows-plus\"><\/span> \n\t\t\t\t\t\t\t\t\t\t\t\t\t<\/span>\n\t\t\t\t\t\t\t\t\t\t\t<\/a>\n\t\t\t\t\t\t\t\t\t<\/div>\n\t\t\t<\/div>\n\t\t\t\t\t\t\t\t<div class=\"qode-aig-image qode-item-space\">\n\t\t\t\t<div class=\"qode-aig-image-inner\">\n\t\t\t\t\t\t\t\t\t\t\t<a itemprop=\"image\" class=\"qode-aig-lightbox\" href=\"https:\/\/www.gabrielgorgi.com\/wp-content\/uploads\/2025\/07\/photographe-corporate-155.jpg\" data-rel=\"prettyPhoto[image_gallery_pretty_photo-24]\" title=\"Portrait-155\">\n\t\t\t\t\t\t\t\t\t\t\t<img decoding=\"async\" width=\"1388\" height=\"925\" src=\"https:\/\/www.gabrielgorgi.com\/wp-content\/uploads\/2025\/07\/photographe-corporate-155.jpg\" class=\"attachment-full size-full\" alt=\"\" \/>\t\t\t\t\t\t<span class=\"aig-gallery-hover\">\n\t\t\t\t\t\t\t\t\t\t\t\t\t\t\t<span class=\"icon-arrows-plus\"><\/span> \n\t\t\t\t\t\t\t\t\t\t\t\t\t<\/span>\n\t\t\t\t\t\t\t\t\t\t\t<\/a>\n\t\t\t\t\t\t\t\t\t<\/div>\n\t\t\t<\/div>\n\t\t\t\t\t\t<\/div>\n<\/div>[vc_empty_space height=&#8221;5em&#8221;][\/vc_column][\/vc_row][vc_row css_animation=&#8221;&#8221; row_type=&#8221;row&#8221; use_row_as_full_screen_section=&#8221;no&#8221; type=&#8221;grid&#8221; angled_section=&#8221;no&#8221; text_align=&#8221;center&#8221; background_image_as_pattern=&#8221;without_pattern&#8221; z_index=&#8221;&#8221; background_color=&#8221;#f4f4f4&#8243;][vc_column][vc_empty_space height=&#8221;5em&#8221;][vc_column_text css=&#8221;&#8221;]<\/p>\n<h2 style=\"text-align: center;\">Bespoke Imagery for the Individual<\/h2>\n<p>[\/vc_column_text][vc_empty_space height=&#8221;50px&#8221;][vc_row_inner row_type=&#8221;row&#8221; type=&#8221;full_width&#8221; text_align=&#8221;left&#8221; css_animation=&#8221;&#8221;][vc_column_inner width=&#8221;1\/2&#8243;][vc_column_text css=&#8221;&#8221;]<\/p>\n<p>A true portrait is a collaboration. We understand that your image is your most valuable <b>silent communicator<\/b>. Whether you are an author, an entrepreneur, or a thought leader, your portrait should bridge the gap between your public persona and your private <b>authenticity<\/b>.<\/p>\n<p>We specialize in working with individuals who seek more than a generic photo. Through our signature direction and technical mastery, we remove the discomfort of the lens, allowing your natural <b>poise and character<\/b> to surface. We don&#8217;t just take pictures; we craft a visual legacy that commands respect and fosters a deep human connection.<\/p>\n<p>[\/vc_column_text][\/vc_column_inner][vc_column_inner width=&#8221;1\/2&#8243;][vc_column_text css=&#8221;&#8221;]<\/p>\n<h3>A Legacy of Visual Excellence<\/h3>\n<p>Over the past decade, Gabriel has been the chosen eye for hundreds of individuals seeking to refine their public image. From high-profile personalities to private individuals, our portfolio is a testament to the power of a <b>meticulously directed portrait<\/b>.<\/p>\n<p>We assist our clients in:<\/p>\n<ul>\n<li><b>Defining Presence:<\/b> Creating a signature look that is instantly recognizable across media.<\/li>\n<li><b>Storytelling:<\/b> Using light, shadow, and expression to tell the story of your success and resilience.<\/li>\n<li><b>Impactful Influence:<\/b> Ensuring your visual presence matches the weight of your words and the scale of your ambitions.<\/li>\n<\/ul>\n<p>[\/vc_column_text][\/vc_column_inner][\/vc_row_inner][vc_empty_space height=&#8221;5em&#8221;][\/vc_column][\/vc_row][vc_row css_animation=&#8221;&#8221; row_type=&#8221;row&#8221; use_row_as_full_screen_section=&#8221;no&#8221; type=&#8221;grid&#8221; angled_section=&#8221;no&#8221; text_align=&#8221;center&#8221; background_image_as_pattern=&#8221;without_pattern&#8221; z_index=&#8221;&#8221; css=&#8221;.vc_custom_1717095593894{padding-right: 20px !important;padding-left: 20px !important;}&#8221;][vc_column][vc_empty_space height=&#8221;5em&#8221;][vc_column_text css=&#8221;&#8221;]<\/p>\n<h2 style=\"text-align: center;\">The Architecture of the Human Face<\/h2>\n<p>[\/vc_column_text][vc_empty_space][vc_column_text css=&#8221;&#8221;]<\/p>\n<p>Great portraiture is as much a science as it is an art. We apply a level of <b>technical rigor<\/b> usually reserved for high-end commercial brands to the unique contours of the human face.<\/p>\n<p>We do not believe in the &#8220;random&#8221; good photo. Our methodology ensures that every client\u2014regardless of their previous experiences with photography\u2014projects an image of <b>depth and composure<\/b>. By engineering the lighting and coaching the micro-expressions, we reveal the most sophisticated version of your profile.<\/p>\n<p>[\/vc_column_text][vc_empty_space][vc_column_text css=&#8221;&#8221;]<\/p>\n<h3>The Transformation<\/h3>\n<p>The difference between a snapshot and a strategically crafted portrait is profound. Below you can see the results of our <b>proprietary coaching system<\/b>, where we move past the surface to find a more powerful, authentic expression.<\/p>\n<p>The shift in <b>perceived personality<\/b> and <b>visual impact<\/b> is the hallmark of a Gabriel GORGI portrait.<\/p>\n<p>[\/vc_column_text][vc_empty_space][\/vc_column][\/vc_row][vc_row css_animation=&#8221;&#8221; row_type=&#8221;row&#8221; use_row_as_full_screen_section=&#8221;no&#8221; type=&#8221;grid&#8221; angled_section=&#8221;no&#8221; text_align=&#8221;left&#8221; background_image_as_pattern=&#8221;without_pattern&#8221; z_index=&#8221;&#8221; css=&#8221;.vc_custom_1630740077603{padding-right: 20px !important;padding-left: 20px !important;}&#8221;][vc_column width=&#8221;1\/2&#8243;]<div class=\"cq-beforeafter \" data-autoslide=\"0\" data-iconcolor=\"\" data-handlestyle=\"lightgray\" data-handlecolor=\"\" data-captioncolor=\"\" data-captionbg=\"\" data-captionminwidth=\"\"><img decoding=\"async\" class=\"cq-beforeafter-img\" src=\"https:\/\/www.gabrielgorgi.com\/wp-content\/uploads\/2021\/04\/Example-photo-traditionnelle-01.jpg\" alt=\"\" \/><span class=\"cq-beforeafter-caption cq-beforeafter-captionleft\">Conventional Snapshot<\/span><div class=\"cq-beforeafter-resize\"><img decoding=\"async\" class=\"cq-beforeafter-img\" src=\"https:\/\/www.gabrielgorgi.com\/wp-content\/uploads\/2024\/07\/photographe-corporate-116b.jpg\" alt=\"\" \/><span class=\"cq-beforeafter-caption cq-beforeafter-captionright\">Directed Portrait<\/span><\/div><span class=\"cq-beforeafter-handle lightgray\"><i class=\"fas fa-arrows-alt-h\" title=\"\"><\/i> <\/span><\/div>[vc_empty_space height=&#8221;4em&#8221;][\/vc_column][vc_column width=&#8221;1\/2&#8243;]<div class=\"cq-beforeafter \" data-autoslide=\"0\" data-iconcolor=\"\" data-handlestyle=\"lightgray\" data-handlecolor=\"\" data-captioncolor=\"\" data-captionbg=\"\" data-captionminwidth=\"\"><img decoding=\"async\" class=\"cq-beforeafter-img\" src=\"https:\/\/www.gabrielgorgi.com\/wp-content\/uploads\/2021\/04\/Exemple-photo-traditionnelle-02.jpg\" alt=\"\" \/><span class=\"cq-beforeafter-caption cq-beforeafter-captionleft\">Conventional Snapshot<\/span><div class=\"cq-beforeafter-resize\"><img decoding=\"async\" class=\"cq-beforeafter-img\" src=\"https:\/\/www.gabrielgorgi.com\/wp-content\/uploads\/2024\/07\/photographe-corporate-117.jpg\" alt=\"\" \/><span class=\"cq-beforeafter-caption cq-beforeafter-captionright\">Directed Portrait<\/span><\/div><span class=\"cq-beforeafter-handle lightgray\"><i class=\"fas fa-arrows-alt-h\" title=\"\"><\/i> <\/span><\/div>[vc_empty_space height=&#8221;4em&#8221;][\/vc_column][\/vc_row][vc_row css_animation=&#8221;&#8221; row_type=&#8221;row&#8221; use_row_as_full_screen_section=&#8221;no&#8221; type=&#8221;full_width&#8221; angled_section=&#8221;no&#8221; text_align=&#8221;center&#8221; background_image_as_pattern=&#8221;without_pattern&#8221; z_index=&#8221;&#8221;][vc_column offset=&#8221;vc_hidden-xs&#8221;][vc_separator type=&#8221;normal&#8221; thickness=&#8221;2&#8243;][vc_empty_space height=&#8221;4em&#8221;][\/vc_column][\/vc_row][vc_row css_animation=&#8221;&#8221; row_type=&#8221;row&#8221; use_row_as_full_screen_section=&#8221;no&#8221; type=&#8221;grid&#8221; angled_section=&#8221;no&#8221; text_align=&#8221;center&#8221; background_image_as_pattern=&#8221;without_pattern&#8221; z_index=&#8221;&#8221;][vc_column width=&#8221;1\/12&#8243; offset=&#8221;vc_hidden-xs&#8221;][\/vc_column][vc_column width=&#8221;5\/12&#8243;]<a  itemprop=\"url\" href=\"https:\/\/www.gabrielgorgi.com\/contact\/?lang=en\" target=\"_self\"  class=\"qbutton  large center default\" style=\"\">Inquiry Form<\/a>[vc_empty_space height=&#8221;4em&#8221;][\/vc_column][vc_column width=&#8221;5\/12&#8243;]<a  itemprop=\"url\" href=\"mailto:gabriel@gabrielgorgi.com\" target=\"_self\"  class=\"qbutton  large center default\" style=\"\">Send an Email<\/a>[vc_empty_space height=&#8221;5em&#8221;][\/vc_column][vc_column width=&#8221;1\/12&#8243; offset=&#8221;vc_hidden-xs&#8221;][\/vc_column][\/vc_row][vc_row css_animation=&#8221;&#8221; row_type=&#8221;row&#8221; use_row_as_full_screen_section=&#8221;no&#8221; type=&#8221;grid&#8221; angled_section=&#8221;no&#8221; text_align=&#8221;center&#8221; background_image_as_pattern=&#8221;without_pattern&#8221; z_index=&#8221;&#8221; background_color=&#8221;#f4f4f4&#8243;][vc_column][vc_empty_space height=&#8221;5em&#8221;][vc_column_text css=&#8221;&#8221;]<\/p>\n<h2 style=\"text-align: center;\">What Does Your Portrait Say About You?<\/h2>\n<p>[\/vc_column_text][vc_empty_space height=&#8221;50px&#8221;][vc_row_inner row_type=&#8221;row&#8221; type=&#8221;full_width&#8221; text_align=&#8221;left&#8221; css_animation=&#8221;&#8221;][vc_column_inner width=&#8221;1\/2&#8243;][vc_column_text]<\/p>\n<h3 style=\"text-align: center;\">Confidence<\/h3>\n<p>[\/vc_column_text][vc_empty_space][vc_single_image image=&#8221;6883&#8243; img_size=&#8221;600&#215;400&#8243; css=&#8221;&#8221; qode_css_animation=&#8221;&#8221;][vc_empty_space height=&#8221;4em&#8221;][\/vc_column_inner][vc_column_inner width=&#8221;1\/2&#8243;][vc_column_text]<\/p>\n<h3 style=\"text-align: center;\">Determination<\/h3>\n<p>[\/vc_column_text][vc_empty_space][vc_single_image image=&#8221;6901&#8243; img_size=&#8221;600&#215;400&#8243; css=&#8221;&#8221; qode_css_animation=&#8221;&#8221;][vc_empty_space height=&#8221;4em&#8221;][\/vc_column_inner][\/vc_row_inner][vc_row_inner row_type=&#8221;row&#8221; type=&#8221;full_width&#8221; text_align=&#8221;left&#8221; css_animation=&#8221;&#8221;][vc_column_inner width=&#8221;1\/2&#8243;][vc_column_text]<\/p>\n<h3 style=\"text-align: center;\">Wisdom<\/h3>\n<p>[\/vc_column_text][vc_empty_space][vc_single_image image=&#8221;6885&#8243; img_size=&#8221;600&#215;400&#8243; css=&#8221;&#8221; qode_css_animation=&#8221;&#8221;][vc_empty_space height=&#8221;4em&#8221;][\/vc_column_inner][vc_column_inner width=&#8221;1\/2&#8243;][vc_column_text css=&#8221;&#8221;]<\/p>\n<h3 style=\"text-align: center;\">Authenticity<\/h3>\n<p>[\/vc_column_text][vc_empty_space][vc_single_image image=&#8221;6887&#8243; img_size=&#8221;600&#215;400&#8243; css=&#8221;&#8221; qode_css_animation=&#8221;&#8221;][vc_empty_space height=&#8221;4em&#8221;][\/vc_column_inner][\/vc_row_inner][vc_empty_space height=&#8221;2em&#8221;][\/vc_column][\/vc_row][vc_row css_animation=&#8221;&#8221; row_type=&#8221;row&#8221; use_row_as_full_screen_section=&#8221;no&#8221; type=&#8221;grid&#8221; angled_section=&#8221;no&#8221; text_align=&#8221;center&#8221; background_image_as_pattern=&#8221;without_pattern&#8221; z_index=&#8221;&#8221; background_color=&#8221;#f4f4f4&#8243; css=&#8221;.vc_custom_1717169540452{background-color: #ffffff !important;}&#8221;][vc_column][vc_empty_space height=&#8221;5em&#8221;][vc_column_text css=&#8221;&#8221;]<\/p>\n<h2 style=\"text-align: center;\">The Psychology of the First Glance<\/h2>\n<p>[\/vc_column_text][vc_empty_space height=&#8221;50px&#8221;][vc_row_inner row_type=&#8221;row&#8221; type=&#8221;full_width&#8221; text_align=&#8221;left&#8221; css_animation=&#8221;&#8221;][vc_column_inner width=&#8221;1\/2&#8243;]<div class=\"q_counter_holder  center\" style=\"\" data-digit=\"500\"><span class=\"counter  zero\" style=\"font-weight: 300;\">500<\/span><span class=\"separator small\" style=\"\"><\/span><p class=\"counter_text\" style=\"\">MILLISECONDS<\/p><\/div>[vc_empty_space][vc_column_text css=&#8221;&#8221;]<\/p>\n<p>While many view a portrait as a simple task, it is actually your most critical investment in public perception. Within <b>500 milliseconds<\/b> of seeing your face, a viewer has already made a subconscious judgment about your trustworthiness and status.<\/p>\n<p>In a world of digital noise, a high-end portrait acts as a <b>visual anchor<\/b>. It ensures that the first half-second someone spends with your image is the start of a lasting, positive impression.<\/p>\n<p>[\/vc_column_text][\/vc_column_inner][vc_column_inner width=&#8221;1\/2&#8243;][vc_column_text css=&#8221;&#8221;]<\/p>\n<h3>The Portrait Advantage:<\/h3>\n<ul>\n<li><b>Unforgettable Presence:<\/b> Establish a look that stays with the viewer.<\/li>\n<li><b>Character Recognition:<\/b> Align your outward image with your internal values.<\/li>\n<li><b>Bespoke Direction:<\/b> Enjoy a session tailored entirely to your personal narrative.<\/li>\n<li><b>Nuanced Expression:<\/b> Move beyond the &#8220;pose&#8221; to find a genuine, living gaze.<\/li>\n<li><b>Artistic Consistency:<\/b> A portfolio that remains timeless and impactful for years.<\/li>\n<li><b>Masterful Post-Production:<\/b> High-end retouching that honors your features while ensuring a flawless finish.<\/li>\n<\/ul>\n<p>[\/vc_column_text][\/vc_column_inner][\/vc_row_inner][\/vc_column][\/vc_row][vc_row css_animation=&#8221;&#8221; row_type=&#8221;row&#8221; use_row_as_full_screen_section=&#8221;no&#8221; type=&#8221;full_width&#8221; angled_section=&#8221;no&#8221; text_align=&#8221;center&#8221; background_image_as_pattern=&#8221;without_pattern&#8221; z_index=&#8221;&#8221;][vc_column offset=&#8221;vc_hidden-xs&#8221;][vc_empty_space height=&#8221;5em&#8221;][vc_separator type=&#8221;normal&#8221; thickness=&#8221;2&#8243;][vc_empty_space height=&#8221;4em&#8221;][\/vc_column][\/vc_row][vc_row css_animation=&#8221;&#8221; row_type=&#8221;row&#8221; use_row_as_full_screen_section=&#8221;no&#8221; type=&#8221;grid&#8221; angled_section=&#8221;no&#8221; text_align=&#8221;center&#8221; background_image_as_pattern=&#8221;without_pattern&#8221; z_index=&#8221;&#8221;][vc_column width=&#8221;1\/12&#8243; offset=&#8221;vc_hidden-xs&#8221;][\/vc_column][vc_column width=&#8221;5\/12&#8243;]<a  itemprop=\"url\" href=\"https:\/\/www.gabrielgorgi.com\/contact\/?lang=en\" target=\"_self\"  class=\"qbutton  large center default\" style=\"\">Book Your Portrait<\/a>[vc_empty_space height=&#8221;4em&#8221;][\/vc_column][vc_column width=&#8221;5\/12&#8243;]<a  itemprop=\"url\" href=\"mailto:gabriel@gabrielgorgi.com\" target=\"_self\"  class=\"qbutton  large center default\" style=\"\">Send an Email<\/a>[vc_empty_space height=&#8221;5em&#8221;][\/vc_column][vc_column width=&#8221;1\/12&#8243; offset=&#8221;vc_hidden-xs&#8221;][\/vc_column][\/vc_row][vc_row css_animation=&#8221;&#8221; row_type=&#8221;row&#8221; use_row_as_full_screen_section=&#8221;no&#8221; type=&#8221;grid&#8221; angled_section=&#8221;no&#8221; text_align=&#8221;center&#8221; background_image_as_pattern=&#8221;without_pattern&#8221; z_index=&#8221;&#8221; background_color=&#8221;#f4f4f4&#8243;][vc_column][vc_empty_space height=&#8221;5em&#8221;][vc_column_text css=&#8221;&#8221;]<\/p>\n<h2 style=\"text-align: center;\">A Striking Portrait Will&#8230;<\/h2>\n<p>[\/vc_column_text][vc_empty_space height=&#8221;70px&#8221;][vc_row_inner row_type=&#8221;row&#8221; type=&#8221;full_width&#8221; text_align=&#8221;left&#8221; css_animation=&#8221;&#8221;][vc_column_inner width=&#8221;1\/3&#8243;]<div class='q_icon_with_title large normal_icon center '><div class=\"icon_holder \" style=\" \"><span data-icon-type=\"normal\" class=\"qode_iwt_icon_holder q_font_awsome_icon fa-4x  \"><i class=\"qode_icon_font_awesome fa fa-check qode_iwt_icon_element\"><\/i><\/span><\/div><div class=\"icon_text_holder\" style=\"\"><div class=\"icon_text_inner\" style=\"\"><h3 class=\"icon_title\" style=\"\">Express Personality<\/h3><p style=''><\/p><\/div><\/div><\/div>[vc_column_text]<\/p>\n<p style=\"text-align: center;\">Stand out by showing the real person behind the title or brand.<\/p>\n<p>[\/vc_column_text][vc_empty_space height=&#8221;4em&#8221;][\/vc_column_inner][vc_column_inner width=&#8221;1\/3&#8243;]<div class='q_icon_with_title large normal_icon center '><div class=\"icon_holder \" style=\" \"><span data-icon-type=\"normal\" class=\"qode_iwt_icon_holder q_font_awsome_icon fa-4x  \"><i class=\"qode_icon_font_awesome_5 fa5 fa fa-list-check qode_iwt_icon_element\"><\/i><\/span><\/div><div class=\"icon_text_holder\" style=\"\"><div class=\"icon_text_inner\" style=\"\"><h3 class=\"icon_title\" style=\"\">Command Respect<\/h3><p style=''><\/p><\/div><\/div><\/div>[vc_column_text]<\/p>\n<p style=\"text-align: center;\">Signal that you value excellence and attention to detail in everything you do.<\/p>\n<p>[\/vc_column_text][vc_empty_space height=&#8221;4em&#8221;][\/vc_column_inner][vc_column_inner width=&#8221;1\/3&#8243;]<div class='q_icon_with_title large normal_icon center '><div class=\"icon_holder \" style=\" \"><span data-icon-type=\"normal\" class=\"qode_iwt_icon_holder q_font_awsome_icon fa-4x  \"><i class=\"qode_icon_font_awesome_5 fa5 fa fa-users qode_iwt_icon_element\"><\/i><\/span><\/div><div class=\"icon_text_holder\" style=\"\"><div class=\"icon_text_inner\" style=\"\"><h3 class=\"icon_title\" style=\"\">Build Legacy<\/h3><p style=''><\/p><\/div><\/div><\/div>[vc_column_text]<\/p>\n<p style=\"text-align: center;\">Create timeless imagery that serves your brand and legacy for the long term.<\/p>\n<p>[\/vc_column_text][vc_empty_space height=&#8221;4em&#8221;][\/vc_column_inner][\/vc_row_inner][vc_empty_space height=&#8221;1em&#8221;][\/vc_column][\/vc_row][vc_row css_animation=&#8221;&#8221; row_type=&#8221;row&#8221; use_row_as_full_screen_section=&#8221;no&#8221; type=&#8221;grid&#8221; angled_section=&#8221;no&#8221; text_align=&#8221;center&#8221; background_image_as_pattern=&#8221;without_pattern&#8221; z_index=&#8221;&#8221;][vc_column][vc_empty_space height=&#8221;5em&#8221;][vc_column_text css=&#8221;&#8221;]<\/p>\n<h2 style=\"text-align: center;\">A Collaborative Artist Experience<\/h2>\n<p>[\/vc_column_text][vc_empty_space][vc_column_text css=&#8221;&#8221;]If your previous experiences with photography felt cold or hurried, you haven&#8217;t experienced true portraiture. We offer a high-energy, focused, and stress-free session designed to put you at ease. Whether you need an image of quiet reflection or vibrant energy, our dynamic atmosphere is the key to capturing the authentic moments that standard photography misses.[\/vc_column_text][vc_empty_space height=&#8221;50px&#8221;][vc_row_inner row_type=&#8221;row&#8221; type=&#8221;full_width&#8221; text_align=&#8221;left&#8221; css_animation=&#8221;&#8221;][vc_column_inner width=&#8221;1\/2&#8243;][vc_single_image image=&#8221;7092&#8243; img_size=&#8221;large&#8221; css=&#8221;&#8221; qode_css_animation=&#8221;&#8221;][vc_empty_space height=&#8221;4em&#8221;][\/vc_column_inner][vc_column_inner width=&#8221;1\/2&#8243;][vc_single_image image=&#8221;7094&#8243; img_size=&#8221;large&#8221; css=&#8221;&#8221; qode_css_animation=&#8221;&#8221;][vc_empty_space height=&#8221;4em&#8221;][\/vc_column_inner][\/vc_row_inner][\/vc_column][\/vc_row][vc_row css_animation=&#8221;&#8221; row_type=&#8221;row&#8221; use_row_as_full_screen_section=&#8221;no&#8221; type=&#8221;full_width&#8221; angled_section=&#8221;no&#8221; text_align=&#8221;center&#8221; background_image_as_pattern=&#8221;without_pattern&#8221; z_index=&#8221;&#8221;][vc_column offset=&#8221;vc_hidden-xs&#8221;][vc_separator type=&#8221;normal&#8221; thickness=&#8221;2&#8243;][vc_empty_space height=&#8221;4em&#8221;][\/vc_column][\/vc_row][vc_row css_animation=&#8221;&#8221; row_type=&#8221;row&#8221; use_row_as_full_screen_section=&#8221;no&#8221; type=&#8221;grid&#8221; angled_section=&#8221;no&#8221; text_align=&#8221;center&#8221; background_image_as_pattern=&#8221;without_pattern&#8221; z_index=&#8221;&#8221;][vc_column width=&#8221;1\/12&#8243; offset=&#8221;vc_hidden-xs&#8221;][\/vc_column][vc_column width=&#8221;5\/12&#8243;]<a  itemprop=\"url\" href=\"https:\/\/www.gabrielgorgi.com\/contact\/?lang=en\" target=\"_self\"  class=\"qbutton  large center default\" style=\"\">Inquire Now<\/a>[vc_empty_space height=&#8221;4em&#8221;][\/vc_column][vc_column width=&#8221;5\/12&#8243;]<a  itemprop=\"url\" href=\"mailto:gabriel@gabrielgorgi.com\" target=\"_self\"  class=\"qbutton  large center default\" style=\"\">Send an Email<\/a>[vc_empty_space height=&#8221;5em&#8221;][\/vc_column][vc_column width=&#8221;1\/12&#8243; offset=&#8221;vc_hidden-xs&#8221;][\/vc_column][\/vc_row][vc_row css_animation=&#8221;&#8221; row_type=&#8221;row&#8221; use_row_as_full_screen_section=&#8221;no&#8221; type=&#8221;grid&#8221; angled_section=&#8221;no&#8221; text_align=&#8221;center&#8221; background_image_as_pattern=&#8221;without_pattern&#8221; z_index=&#8221;&#8221; background_color=&#8221;#f4f4f4&#8243; css=&#8221;.vc_custom_1717180393555{background-color: #f4f4f4 !important;}&#8221;][vc_column][vc_empty_space height=&#8221;5em&#8221;][vc_column_text css=&#8221;&#8221;]<\/p>\n<h2 style=\"text-align: center;\">The Leading Portrait Photographer in Copenhagen<\/h2>\n<p>[\/vc_column_text][vc_empty_space height=&#8221;50px&#8221;][vc_row_inner row_type=&#8221;row&#8221; type=&#8221;full_width&#8221; text_align=&#8221;left&#8221; css_animation=&#8221;&#8221;][vc_column_inner width=&#8221;3\/12&#8243;][vc_single_image image=&#8221;6776&#8243; img_size=&#8221;full&#8221; add_caption=&#8221;yes&#8221; css=&#8221;&#8221; qode_css_animation=&#8221;&#8221;][\/vc_column_inner][vc_column_inner width=&#8221;7\/12&#8243;][vc_column_text css=&#8221;&#8221;]<\/p>\n<p>Gabriel GORGI is a specialist in high-end individual portraits and character-driven imagery. Unlike generalist studios, we focus exclusively on the human element, dedicating our craft to those who want their visual presence to be as impactful as their professional achievements.<\/p>\n<p>Having worked extensively within high-stakes environments, Gabriel understands the nuance of <b>visual influence<\/b>. He knows how to translate your internal strengths into a narrative that resonates with your peers, your audience, and your industry.<\/p>\n<h3>Overcoming the &#8220;Lens Barrier&#8221;<\/h3>\n<p>Most people feel a sense of tension in front of a camera. Our solution is a <b>technical coaching system<\/b> that replaces luck with skill. We guide you through every subtle shift in posture and expression, ensuring you look both commanding and authentic. From the positioning of the jaw to the intensity of the gaze, we help you master the silent language of the portrait.<\/p>\n<h3>A Specialist&#8217;s Attention to Detail<\/h3>\n<p>We provide rigorous oversight on the aesthetic elements that define a high-end portrait:<\/p>\n<ul>\n<li><b>Styling Direction:<\/b> Ensuring your presentation is flawless and aligned with your goals.<\/li>\n<li><b>Lighting Mastery:<\/b> Using light to sculpt character and add depth to your profile.<\/li>\n<li><b>Angle Selection:<\/b> Testing and identifying the most authoritative and flattering perspectives.<\/li>\n<\/ul>\n<h3>Master the Art of the Professional Gaze<\/h3>\n<p>Gabriel\u2019s unique insights are documented in his published work, <b>&#8220;The Art of the Professional Gaze.&#8221;<\/b> This book serves as a masterclass for individuals looking to control their non-verbal influence.<\/p>\n<p><a href=\"https:\/\/www.amazon.com\/Start-Successful-Headshot-Business-Fast-ebook\/dp\/B0GMXJ1BMG\/\"><b>Discover the book<\/b><\/a><\/p>\n<p>We guarantee a session that will leave you with portraits that not only exceed your expectations but change how you see yourself.<\/p>\n<p><b>If you are ready to invest in your visual legacy in Copenhagen, we invite you to discuss your project with us.<\/b><\/p>\n<p>[\/vc_column_text][vc_empty_space][\/vc_column_inner][vc_column_inner width=&#8221;2\/12&#8243;][vc_column_text css=&#8221;&#8221;]Available on Amazon:[\/vc_column_text][vc_empty_space][vc_single_image image=&#8221;17362&#8243; img_size=&#8221;full&#8221; onclick=&#8221;custom_link&#8221; css=&#8221;&#8221; qode_css_animation=&#8221;&#8221; link=&#8221;https:\/\/www.amazon.com\/Start-Successful-Headshot-Business-Fast-ebook\/dp\/B0GMXJ1BMG\/&#8221;][vc_empty_space][\/vc_column_inner][\/vc_row_inner][vc_empty_space height=&#8221;5em&#8221;][\/vc_column][\/vc_row][vc_row css_animation=&#8221;&#8221; row_type=&#8221;row&#8221; use_row_as_full_screen_section=&#8221;no&#8221; type=&#8221;grid&#8221; angled_section=&#8221;no&#8221; text_align=&#8221;left&#8221; background_image_as_pattern=&#8221;without_pattern&#8221; z_index=&#8221;&#8221; css=&#8221;.vc_custom_1717180792989{padding-right: 20px !important;padding-left: 20px !important;background-color: #ffffff !important;}&#8221;][vc_column][vc_empty_space height=&#8221;5em&#8221;][vc_column_text css=&#8221;&#8221;]<\/p>\n<h2 style=\"text-align: center;\">Voices of the Individual<\/h2>\n<p>[\/vc_column_text][vc_empty_space height=&#8221;50px&#8221;][vc_raw_html css=&#8221;&#8221;]JTVCZ3J3JTIwaWQlM0Q2ODMyJTVE[\/vc_raw_html][vc_empty_space height=&#8221;5em&#8221;][\/vc_column][\/vc_row][vc_row css_animation=&#8221;&#8221; row_type=&#8221;row&#8221; use_row_as_full_screen_section=&#8221;no&#8221; type=&#8221;full_width&#8221; angled_section=&#8221;no&#8221; text_align=&#8221;left&#8221; background_image_as_pattern=&#8221;without_pattern&#8221; css=&#8221;.vc_custom_1717180824005{background-color: #f4f4f4 !important;}&#8221; z_index=&#8221;&#8221;][vc_column][vc_empty_space height=&#8221;5em&#8221;][vc_column_text]<\/p>\n<h2 style=\"text-align: center;\">The Path to Your Signature Portrait<\/h2>\n<p>[\/vc_column_text][vc_empty_space][vc_row_inner row_type=&#8221;row&#8221; type=&#8221;grid&#8221; text_align=&#8221;center&#8221; css_animation=&#8221;&#8221;][vc_column_inner width=&#8221;1\/3&#8243;]<div class='q_icon_with_title large normal_icon center '><div class=\"icon_holder \" style=\" \"><span data-icon-type=\"normal\" class=\"qode_iwt_icon_holder q_font_awsome_icon fa-4x  \"><i class=\"qode_icon_font_awesome_5 fa5 fa fa-phone qode_iwt_icon_element\"><\/i><\/span><\/div><div class=\"icon_text_holder\" style=\"\"><div class=\"icon_text_inner\" style=\"\"><h5 class=\"icon_title\" style=\"\"><\/h5><p style=''><\/p><\/div><\/div><\/div>[vc_column_text]<b>Step 1: The Briefing<\/b><br \/>We discuss the story you want your portrait to tell and how to prepare your wardrobe and mindset.[\/vc_column_text][vc_empty_space height=&#8221;4em&#8221;][\/vc_column_inner][vc_column_inner width=&#8221;1\/3&#8243;]<div class='q_icon_with_title large normal_icon center '><div class=\"icon_holder \" style=\" \"><span data-icon-type=\"normal\" class=\"qode_iwt_icon_holder q_font_awsome_icon fa-4x  \"><i class=\"qode_icon_font_awesome_5 fa5 fa fa-user-clock qode_iwt_icon_element\"><\/i><\/span><\/div><div class=\"icon_text_holder\" style=\"\"><div class=\"icon_text_inner\" style=\"\"><h5 class=\"icon_title\" style=\"\"><\/h5><p style=''><\/p><\/div><\/div><\/div>[vc_column_text]<b>Step 2: The Session<\/b><br \/>Under expert direction, we work together to find the most authentic and powerful expressions of your character.[\/vc_column_text][vc_empty_space height=&#8221;4em&#8221;][\/vc_column_inner][vc_column_inner width=&#8221;1\/3&#8243;]<div class='q_icon_with_title large normal_icon center '><div class=\"icon_holder \" style=\" \"><span data-icon-type=\"normal\" class=\"qode_iwt_icon_holder q_font_awsome_icon fa-4x  \"><i class=\"qode_icon_font_awesome_5 fa5 fa fa-user-check qode_iwt_icon_element\"><\/i><\/span><\/div><div class=\"icon_text_holder\" style=\"\"><div class=\"icon_text_inner\" style=\"\"><h5 class=\"icon_title\" style=\"\"><\/h5><p style=''><\/p><\/div><\/div><\/div>[vc_column_text]<b>Step 3: The Selection<\/b><br \/>Review your images immediately and choose the portraits that best represent your personal brand and legacy.[\/vc_column_text][vc_empty_space height=&#8221;4em&#8221;][\/vc_column_inner][\/vc_row_inner][vc_empty_space height=&#8221;1em&#8221;][\/vc_column][\/vc_row][vc_row css_animation=&#8221;&#8221; row_type=&#8221;row&#8221; use_row_as_full_screen_section=&#8221;no&#8221; type=&#8221;full_width&#8221; angled_section=&#8221;no&#8221; text_align=&#8221;center&#8221; background_image_as_pattern=&#8221;without_pattern&#8221; z_index=&#8221;&#8221;][vc_column][vc_empty_space height=&#8221;5em&#8221;][\/vc_column][\/vc_row][vc_row css_animation=&#8221;&#8221; row_type=&#8221;row&#8221; use_row_as_full_screen_section=&#8221;no&#8221; type=&#8221;grid&#8221; angled_section=&#8221;no&#8221; text_align=&#8221;center&#8221; background_image_as_pattern=&#8221;without_pattern&#8221; z_index=&#8221;&#8221;][vc_column width=&#8221;1\/12&#8243; offset=&#8221;vc_hidden-xs&#8221;][\/vc_column][vc_column width=&#8221;5\/12&#8243;]<a  itemprop=\"url\" href=\"https:\/\/www.gabrielgorgi.com\/contact\/?lang=en\" target=\"_self\"  class=\"qbutton  large center default\" style=\"\">Inquiry Form<\/a>[vc_empty_space height=&#8221;4em&#8221;][\/vc_column][vc_column width=&#8221;5\/12&#8243;]<a  itemprop=\"url\" href=\"mailto:gabriel@gabrielgorgi.com\" target=\"_self\"  class=\"qbutton  large center default\" style=\"\">Send an Email<\/a>[vc_empty_space height=&#8221;5em&#8221;][\/vc_column][vc_column width=&#8221;1\/12&#8243; offset=&#8221;vc_hidden-xs&#8221;][\/vc_column][\/vc_row][vc_row css_animation=&#8221;&#8221; row_type=&#8221;row&#8221; use_row_as_full_screen_section=&#8221;no&#8221; type=&#8221;full_width&#8221; angled_section=&#8221;no&#8221; text_align=&#8221;center&#8221; background_image_as_pattern=&#8221;without_pattern&#8221; z_index=&#8221;&#8221;][vc_column][vc_separator type=&#8221;normal&#8221; thickness=&#8221;2&#8243;][\/vc_column][\/vc_row][vc_row css_animation=&#8221;&#8221; row_type=&#8221;row&#8221; use_row_as_full_screen_section=&#8221;no&#8221; type=&#8221;grid&#8221; angled_section=&#8221;no&#8221; text_align=&#8221;center&#8221; background_image_as_pattern=&#8221;without_pattern&#8221; z_index=&#8221;&#8221;][vc_column][vc_empty_space height=&#8221;5em&#8221;][vc_column_text css=&#8221;&#8221;]<\/p>\n<h2 style=\"text-align: center;\">Studio Location<\/h2>\n<p>[\/vc_column_text][vc_empty_space][vc_column_text css=&#8221;&#8221;]Individual portrait sessions take place at our professional studio in Copenhagen. We provide an exclusive, high-end environment for all our clients.<\/p>\n<p>We speak English and French.[\/vc_column_text][vc_empty_space height=&#8221;5em&#8221;][\/vc_column][\/vc_row]<\/p>\n<\/div>","protected":false},"excerpt":{"rendered":"<p>[vc_row css_animation=&#8221;&#8221; row_type=&#8221;row&#8221; use_row_as_full_screen_section=&#8221;no&#8221; type=&#8221;grid&#8221; angled_section=&#8221;no&#8221; text_align=&#8221;left&#8221; background_image_as_pattern=&#8221;without_pattern&#8221; z_index=&#8221;&#8221;][vc_column][vc_empty_space height=&#8221;40px&#8221;][\/vc_column][\/vc_row][vc_row css_animation=&#8221;&#8221; row_type=&#8221;row&#8221; use_row_as_full_screen_section=&#8221;no&#8221; type=&#8221;grid&#8221; angled_section=&#8221;no&#8221; text_align=&#8221;left&#8221; background_image_as_pattern=&#8221;without_pattern&#8221; z_index=&#8221;&#8221;][vc_column][vc_empty_space height=&#8221;40px&#8221;][vc_column_text css=&#8221;&#8221; el_class=&#8221;homeleadtext&#8221;] Portrait Photographer in Copenhagen: Capturing Character, Presence, and Legacy [\/vc_column_text][vc_empty_space height=&#8221;40px&#8221;][vc_empty_space height=&#8221;40px&#8221;][\/vc_column][\/vc_row][vc_row css_animation=&#8221;&#8221; row_type=&#8221;row&#8221; use_row_as_full_screen_section=&#8221;no&#8221; type=&#8221;grid&#8221; angled_section=&#8221;no&#8221; text_align=&#8221;center&#8221; background_image_as_pattern=&#8221;without_pattern&#8221; z_index=&#8221;&#8221;][vc_column width=&#8221;1\/2&#8243;][vc_empty_space height=&#8221;2em&#8221;][\/vc_column][vc_column width=&#8221;1\/2&#8243;][vc_empty_space height=&#8221;2em&#8221;][\/vc_column][\/vc_row][vc_row&#8230;<\/p>\n","protected":false},"author":2,"featured_media":0,"parent":0,"menu_order":0,"comment_status":"closed","ping_status":"closed","template":"full_width.php","meta":{"footnotes":""},"yst_prominent_words":[],"class_list":["post-19807","page","type-page","status-publish","hentry"],"_links":{"self":[{"href":"https:\/\/www.gabrielgorgi.com\/en\/wp-json\/wp\/v2\/pages\/19807","targetHints":{"allow":["GET"]}}],"collection":[{"href":"https:\/\/www.gabrielgorgi.com\/en\/wp-json\/wp\/v2\/pages"}],"about":[{"href":"https:\/\/www.gabrielgorgi.com\/en\/wp-json\/wp\/v2\/types\/page"}],"author":[{"embeddable":true,"href":"https:\/\/www.gabrielgorgi.com\/en\/wp-json\/wp\/v2\/users\/2"}],"replies":[{"embeddable":true,"href":"https:\/\/www.gabrielgorgi.com\/en\/wp-json\/wp\/v2\/comments?post=19807"}],"version-history":[{"count":0,"href":"https:\/\/www.gabrielgorgi.com\/en\/wp-json\/wp\/v2\/pages\/19807\/revisions"}],"wp:attachment":[{"href":"https:\/\/www.gabrielgorgi.com\/en\/wp-json\/wp\/v2\/media?parent=19807"}],"wp:term":[{"taxonomy":"yst_prominent_words","embeddable":true,"href":"https:\/\/www.gabrielgorgi.com\/en\/wp-json\/wp\/v2\/yst_prominent_words?post=19807"}],"curies":[{"name":"wp","href":"https:\/\/api.w.org\/{rel}","templated":true}]}}